{"id":13700,"date":"2024-07-29T13:01:25","date_gmt":"2024-07-29T11:01:25","guid":{"rendered":"https:\/\/www.firstfloorstudios.de\/firstfloorstudiosWP\/verwaltungWP\/?p=13700"},"modified":"2025-08-31T14:35:45","modified_gmt":"2025-08-31T12:35:45","slug":"13700-2","status":"publish","type":"page","link":"https:\/\/www.firstfloorstudios.de\/firstfloorstudiosWP\/verwaltungWP\/13700-2\/","title":{"rendered":"+ + + hochzeit main page USED aktiv"},"content":{"rendered":"<div  class=\"tatsu-Hk__4-PVxg tatsu-section  tatsu-bg-overlay   tatsu-clearfix\" data-title=\"\"  data-headerscheme=\"background--dark\"><div class='tatsu-section-pad clearfix' data-padding='{\"d\":\"0px 0px 90px 0px\"}' data-padding-top='0px'><div class=\"tatsu-row-wrap  tatsu-wrap tatsu-row-one-col tatsu-row-has-one-cols tatsu-medium-gutter tatsu-reg-cols  tatsu-clearfix tatsu-ryldON-vVee\" ><div  class=\"tatsu-row \" ><div  class=\"tatsu-column  tatsu-column-no-bg tatsu-one-col tatsu-column-image-none tatsu-column-effect-none  tatsu-SyZ_OEZP4lg\"  data-parallax-speed=\"0\" style=\"\"><div class=\"tatsu-column-inner \" ><div class=\"tatsu-column-pad-wrap\"><div class=\"tatsu-column-pad\" ><div  class=\"tatsu-module tatsu-text-block-wrap tatsu-SJfOd4WP4lg  \"><div class=\"tatsu-text-inner tatsu-align-center  clearfix\" ><style>.tatsu-SJfOd4WP4lg.tatsu-text-block-wrap .tatsu-text-inner{width: 100%;text-align: left;}<\/style><\/div><\/div><div  class=\"tatsu-module tatsu-inline-text clearfix tatsu-Hk7udVWDNxx   \" ><style>.tatsu-Hk7udVWDNxx .tatsu-inline-text-inner{width: 100%;text-align: left;}.tatsu-Hk7udVWDNxx.tatsu-inline-text{margin: 0px 0px 25px 0px ;}.tatsu-Hk7udVWDNxx.tatsu-inline-text .tatsu-inline-text-inner *{font-family : Trebuchet MS, Helvetica, sans-serif;font-weight : 400;text-transform : none;}<\/style><div class=\"tatsu-inline-text-inner tatsu-align-center\">\n<h1 style=\"text-align: center;\"><span style=\"color: #180404;\">Traum<br \/>Hochzeit<br \/><\/span><\/h1>\n<\/div><\/div><div  class=\"tatsu-module tatsu-text-block-wrap tatsu-rJ4_O4-DVxe  \"><div class=\"tatsu-text-inner tatsu-align-center  clearfix\" ><style>.tatsu-rJ4_O4-DVxe.tatsu-text-block-wrap .tatsu-text-inner{width: 100%;text-align: center;}.tatsu-rJ4_O4-DVxe.tatsu-text-block-wrap .tatsu-text-inner *{font-family : Trebuchet MS, Helvetica, sans-serif;font-size : 18px;}<\/style>\n<p>Ob alternativ, green, klassisch oder wild &#8211; wir freuen uns auf Euch!<\/p>\n<\/div><\/div><\/div><\/div><div class = \"tatsu-column-bg-image-wrap\"><div class = \"tatsu-column-bg-image\" ><\/div><\/div><\/div><style>.tatsu-row > .tatsu-SyZ_OEZP4lg.tatsu-column{width: 100%;}.tatsu-SyZ_OEZP4lg.tatsu-column > .tatsu-column-inner > .tatsu-column-overlay{mix-blend-mode: none;}.tatsu-SyZ_OEZP4lg > .tatsu-column-inner > .tatsu-top-divider{z-index: 9999;}.tatsu-SyZ_OEZP4lg > .tatsu-column-inner > .tatsu-bottom-divider{z-index: 9999;}.tatsu-SyZ_OEZP4lg > .tatsu-column-inner > .tatsu-left-divider{z-index: 9999;}.tatsu-SyZ_OEZP4lg > .tatsu-column-inner > .tatsu-right-divider{z-index: 9999;}<\/style><\/div><\/div><\/div><\/div><div class=\"tatsu-section-background-wrap\"><div class = \"tatsu-section-background\" ><\/div><\/div><div class=\"tatsu-overlay tatsu-section-overlay\"><\/div><style>.tatsu-Hk__4-PVxg.tatsu-section{background-color: rgba(255,255,255,1);}.tatsu-Hk__4-PVxg .tatsu-section-pad{padding: 0px 0px 90px 0px;}.tatsu-Hk__4-PVxg > .tatsu-bottom-divider{z-index: 9999;}.tatsu-Hk__4-PVxg > .tatsu-top-divider{z-index: 9999;}.tatsu-Hk__4-PVxg .tatsu-section-overlay{background: rgba(255,255,255,1);mix-blend-mode: normal;}<\/style><\/div><div  class=\"tatsu-rJtgQWw4eg tatsu-section  tatsu-section-custom-height   tatsu-clearfix\" data-title=\"\"  data-headerscheme=\"background--dark\"><div class = \"tatsu-custom-height-wrap\"><div class='tatsu-section-pad clearfix' data-padding='{\"d\":\"90px 0% 90px 0%\"}' data-padding-top='90px'><div class=\"tatsu-row-wrap  tatsu-wrap tatsu-row-one-col tatsu-row-has-one-cols tatsu-medium-gutter tatsu-reg-cols  tatsu-clearfix tatsu-BJxFxQbwEgl\" ><div  class=\"tatsu-row \" ><div  class=\"tatsu-column  tatsu-column-no-bg tatsu-column-empty tatsu-one-col tatsu-column-image-none tatsu-column-effect-none  tatsu-SkWKx7WwNxg\"  data-parallax-speed=\"0\" style=\"\"><div class=\"tatsu-column-inner \" ><div class=\"tatsu-column-pad-wrap\"><div class=\"tatsu-column-pad\" ><\/div><\/div><div class = \"tatsu-column-bg-image-wrap\"><div class = \"tatsu-column-bg-image\" ><\/div><\/div><\/div><style>.tatsu-row > .tatsu-SkWKx7WwNxg.tatsu-column{width: 100%;}.tatsu-SkWKx7WwNxg.tatsu-column > .tatsu-column-inner > .tatsu-column-overlay{mix-blend-mode: none;}.tatsu-SkWKx7WwNxg > .tatsu-column-inner > .tatsu-top-divider{z-index: 9999;}.tatsu-SkWKx7WwNxg > .tatsu-column-inner > .tatsu-bottom-divider{z-index: 9999;}.tatsu-SkWKx7WwNxg > .tatsu-column-inner > .tatsu-left-divider{z-index: 9999;}.tatsu-SkWKx7WwNxg > .tatsu-column-inner > .tatsu-right-divider{z-index: 9999;}<\/style><\/div><\/div><\/div><\/div><div class=\"tatsu-section-background-wrap\"><div class = \"tatsu-section-background\" ><\/div><\/div><\/div><style>.tatsu-rJtgQWw4eg.tatsu-section{background-color: rgba(0,0,0,1);}.tatsu-rJtgQWw4eg .tatsu-section-background{background-image: url(https:\/\/www.firstfloorstudios.de\/firstfloorstudiosWP\/verwaltungWP\/wp-content\/uploads\/2025\/06\/gal21-rechberghausen-rechberg-uhingen-duernau.jpg);background-repeat: no-repeat;background-attachment: scroll;background-position: center center;background-size: cover;}.tatsu-rJtgQWw4eg .tatsu-bg-blur{background-repeat: no-repeat;background-attachment: scroll;background-position: center center;background-size: cover;}.tatsu-rJtgQWw4eg .tatsu-section-pad{padding: 90px 0% 90px 0%;}.tatsu-rJtgQWw4eg > .tatsu-bottom-divider{z-index: 9999;}.tatsu-rJtgQWw4eg > .tatsu-top-divider{z-index: 9999;}.tatsu-rJtgQWw4eg .tatsu-custom-height-wrap{align-items: center;min-height: 111vh;}<\/style><\/div><div  class=\"tatsu-rJxCVbDExe tatsu-section  tatsu-section-custom-height   tatsu-clearfix\" data-title=\"Testimonial \"  data-headerscheme=\"background--dark\"><div class = \"tatsu-custom-height-wrap\"><div class='tatsu-section-pad clearfix' data-padding='{\"d\":\"90px 0px 90px 0px\"}' data-padding-top='90px'><div class=\"tatsu-row-wrap  tatsu-wrap tatsu-row-one-col tatsu-row-has-one-cols tatsu-medium-gutter tatsu-reg-cols  tatsu-clearfix tatsu-S1xxRV-vExl\" ><div  class=\"tatsu-row \" ><div  class=\"tatsu-column  tatsu-column-no-bg tatsu-column-empty tatsu-one-col tatsu-column-image-none tatsu-column-effect-none  tatsu-Bkbg0N-DNxe\"  data-parallax-speed=\"0\" style=\"\"><div class=\"tatsu-column-inner \" ><div class=\"tatsu-column-pad-wrap\"><div class=\"tatsu-column-pad\" ><\/div><\/div><div class = \"tatsu-column-bg-image-wrap\"><div class = \"tatsu-column-bg-image\" ><\/div><\/div><\/div><style>.tatsu-row > .tatsu-Bkbg0N-DNxe.tatsu-column{width: 100%;}.tatsu-Bkbg0N-DNxe.tatsu-column > .tatsu-column-inner > .tatsu-column-overlay{mix-blend-mode: none;}.tatsu-Bkbg0N-DNxe > .tatsu-column-inner > .tatsu-top-divider{z-index: 9999;}.tatsu-Bkbg0N-DNxe > .tatsu-column-inner > .tatsu-bottom-divider{z-index: 9999;}.tatsu-Bkbg0N-DNxe > .tatsu-column-inner > .tatsu-left-divider{z-index: 9999;}.tatsu-Bkbg0N-DNxe > .tatsu-column-inner > .tatsu-right-divider{z-index: 9999;}<\/style><\/div><\/div><\/div><\/div><div class=\"tatsu-section-background-wrap\"><div class = \"tatsu-section-background\" ><\/div><\/div><\/div><style>.tatsu-rJxCVbDExe.tatsu-section{background-color: rgba(19,19,19,1);}.tatsu-rJxCVbDExe .tatsu-section-background{background-image: url(https:\/\/www.firstfloorstudios.de\/firstfloorstudiosWP\/verwaltungWP\/wp-content\/uploads\/2025\/06\/gal21-wasserski-fetzer-see-dettingen-giengen.jpg);background-repeat: no-repeat;background-attachment: scroll;background-position: bottom center;background-size: cover;}.tatsu-rJxCVbDExe .tatsu-bg-blur{background-repeat: no-repeat;background-attachment: scroll;background-position: bottom center;background-size: cover;}.tatsu-rJxCVbDExe .tatsu-section-pad{padding: 90px 0px 90px 0px;}.tatsu-rJxCVbDExe > .tatsu-bottom-divider{z-index: 9999;}.tatsu-rJxCVbDExe > .tatsu-top-divider{z-index: 9999;}.tatsu-rJxCVbDExe .tatsu-custom-height-wrap{align-items: center;min-height: 111vh;}<\/style><\/div><div  class=\"tatsu-H18i05Clxl tatsu-section    tatsu-clearfix\" data-title=\"\"  data-headerscheme=\"background--dark\"><div class='tatsu-section-pad clearfix' data-padding='{\"d\":\"90px 0px 90px 0px\"}' data-padding-top='90px'><div class=\"tatsu-row-wrap  tatsu-wrap tatsu-row-has-one-half tatsu-row-has-two-cols tatsu-medium-gutter tatsu-reg-cols  tatsu-clearfix tatsu-B1xUjC50ggl\" ><div  class=\"tatsu-row \" ><div  class=\"tatsu-column  tatsu-column-no-bg tatsu-one-half tatsu-column-align-middle tatsu-column-image-none tatsu-column-effect-none  tatsu-SJZ8oCcAegg\"  data-parallax-speed=\"0\" style=\"\"><div class=\"tatsu-column-inner \" ><div class=\"tatsu-column-pad-wrap\"><div class=\"tatsu-column-pad\" ><div  class=\"tatsu-module tatsu-inline-text clearfix tatsu-BkMLoRcRxel   \" ><style>.tatsu-BkMLoRcRxel .tatsu-inline-text-inner{width: 100%;text-align: left;}<\/style><div class=\"tatsu-inline-text-inner tatsu-align-center\">\n<h4>Melanie Pf\u00f6rDtNer<\/h4>\n<p><span style=\"font-size: 21px;\">LLiebes Brautpaar,<\/span><\/p>\n<p><span style=\"font-size: 17px;\">die Hochzeitsfotografie ist der Smaragd unter den Shootings. Das Zeremoniell hat mich schon als Kind fasziniert: Fr\u00f6hliche G\u00e4ste, ger\u00fchrte Eltern, stolze Freunde &#8211; diese Stimmung mit der Kamera einfangen zu d\u00fcrfen, ist bis heute eine aufregende Aufgabe.<br \/><\/span><br \/><span style=\"font-size: 17px;\">Das Ambiente bestimmt, wie ich vorgehe\u00a0 Jedes Brautpaar hat eine eigene Geschichte, und ich bin immer wieder aufs Neue gespannt, wie ich die besonderen Pers\u00f6nlichkeiten von Braut und Br\u00e4utigam einfangen kann.\u00a0<br \/><\/span><br \/><span style=\"font-size: 17px;\">Ihr habt besondere W\u00fcnsche? Kein Problem!<br \/><\/span><br \/><span style=\"font-size: 17px;\">Ob kleiner Kreis, Festsaal, alternativ am Bauernhof, im Gr\u00fcnen, ich bin flexibel und auch neugierig.\u00a0<\/span><br \/><span style=\"font-size: 17px;\"><br \/>Eine Auswahl sch\u00f6nster Hochzeitsbilder aus den letzten Jahren findet ihr gleich unter diesem Text.\u00a0 <\/span><span style=\"font-size: 17px;\">Auch pr\u00e4sentieren wir euch drei Beispiel-Hochzeiten.\u00a0<br \/><\/span><br \/><span style=\"font-size: 17px;\">Wir freuen uns auf Euren Kontakt!\u00a0<\/span><\/p>\n<\/div><\/div><div  class=\"tatsu-module tatsu-normal-button tatsu-button-wrap   tatsu-ry7UoAqClll   \"><a class=\"tatsu-shortcode mediumbtn tatsu-button left-icon circular   bg-animation-none  \" href=\"https:\/\/www.firstfloorstudios.de\/firstfloorstudiosWP\/verwaltungWP\/contact-2\/\" style= \"\"  aria-label=\"Termin vereunbaren  \" data-gdpr-atts={} >Termin vereunbaren  <\/a><style>.tatsu-ry7UoAqClll .tatsu-button{background-color: rgba(0,0,0,1);color: #ffffff ;}<\/style><\/div><\/div><\/div><div class = \"tatsu-column-bg-image-wrap\"><div class = \"tatsu-column-bg-image\" ><\/div><\/div><\/div><style>.tatsu-row > .tatsu-SJZ8oCcAegg.tatsu-column{width: 50%;}.tatsu-SJZ8oCcAegg.tatsu-column > .tatsu-column-inner > .tatsu-column-overlay{mix-blend-mode: none;}.tatsu-SJZ8oCcAegg > .tatsu-column-inner > .tatsu-top-divider{z-index: 9999;}.tatsu-SJZ8oCcAegg > .tatsu-column-inner > .tatsu-bottom-divider{z-index: 9999;}.tatsu-SJZ8oCcAegg > .tatsu-column-inner > .tatsu-left-divider{z-index: 9999;}.tatsu-SJZ8oCcAegg > .tatsu-column-inner > .tatsu-right-divider{z-index: 9999;}@media only screen and (max-width: 767px) {.tatsu-row > .tatsu-SJZ8oCcAegg.tatsu-column{width: 100%;}}<\/style><\/div><div  class=\"tatsu-column  tatsu-column-no-bg tatsu-one-half tatsu-column-align-middle tatsu-column-image-none tatsu-column-effect-none  tatsu-S1NUoCcRglx\"  data-parallax-speed=\"0\" style=\"\"><div class=\"tatsu-column-inner \" ><div class=\"tatsu-column-pad-wrap\"><div class=\"tatsu-column-pad\" ><div  class=\"tatsu-single-image tatsu-module tatsu-HyBLsC5Cgxx  \" ><div class=\"tatsu-single-image-inner \" style=\"width : 1032px;\" ><div class = \"tatsu-single-image-padding-wrap\" style = \"padding-bottom : 145.3488372093%;\" ><\/div><img class = \"tatsu-gradient-border\" alt = \"\" title = \"gal21-fachsenfeld-roettingen-schloss-niederalfingen-burg\" src = \"https:\/\/www.firstfloorstudios.de\/firstfloorstudiosWP\/verwaltungWP\/wp-content\/uploads\/2025\/05\/gal21-fachsenfeld-roettingen-schloss-niederalfingen-burg.jpg\" \/><\/div><style>.tatsu-HyBLsC5Cgxx{margin: 0px 0px 0px 0px;}.tatsu-HyBLsC5Cgxx .tatsu-single-image-inner{border-style: solid;max-width: 100%;}.tatsu-HyBLsC5Cgxx.tatsu-single-image{transform: translate3d(0px,0px, 0);}<\/style><\/div><\/div><\/div><div class = \"tatsu-column-bg-image-wrap\"><div class = \"tatsu-column-bg-image\" ><\/div><\/div><\/div><style>.tatsu-row > .tatsu-S1NUoCcRglx.tatsu-column{width: 50%;}.tatsu-S1NUoCcRglx.tatsu-column > .tatsu-column-inner > .tatsu-column-overlay{mix-blend-mode: none;}.tatsu-S1NUoCcRglx > .tatsu-column-inner > .tatsu-top-divider{z-index: 9999;}.tatsu-S1NUoCcRglx > .tatsu-column-inner > .tatsu-bottom-divider{z-index: 9999;}.tatsu-S1NUoCcRglx > .tatsu-column-inner > .tatsu-left-divider{z-index: 9999;}.tatsu-S1NUoCcRglx > .tatsu-column-inner > .tatsu-right-divider{z-index: 9999;}@media only screen and (max-width: 767px) {.tatsu-row > .tatsu-S1NUoCcRglx.tatsu-column{width: 100%;}}<\/style><\/div><\/div><\/div><\/div><div class=\"tatsu-section-background-wrap\"><div class = \"tatsu-section-background\" ><\/div><\/div><style>.tatsu-H18i05Clxl.tatsu-section{background-color: rgba(255,255,255,1);}.tatsu-H18i05Clxl .tatsu-section-pad{padding: 90px 0px 90px 0px;}.tatsu-H18i05Clxl > .tatsu-bottom-divider{z-index: 9999;}.tatsu-H18i05Clxl > .tatsu-top-divider{z-index: 9999;}<\/style><\/div><div  class=\"tatsu-rk-O6e4IGA tatsu-section  tatsu-bg-overlay   tatsu-clearfix\" data-title=\"\"  data-headerscheme=\"background--dark\"><div class='tatsu-section-pad clearfix' data-padding='{\"d\":\"159px 0px 19px 0px\"}' data-padding-top='159px'><div class=\"tatsu-row-wrap  tatsu-row-full-width tatsu-row-one-col tatsu-row-has-one-cols tatsu-medium-gutter tatsu-reg-cols  tatsu-clearfix tatsu-B1ldplV8M0\" ><div  class=\"tatsu-row \" ><div  class=\"tatsu-column  tatsu-bg-overlay tatsu-one-col tatsu-column-image-none tatsu-column-effect-none  tatsu-SJOplELGR\"  data-parallax-speed=\"0\" style=\"\"><div class=\"tatsu-column-inner \" ><div class=\"tatsu-column-pad-wrap\"><div class=\"tatsu-column-pad\" ><div  class=\"justified-gallery-outer-wrap oshine-module  tatsu-r1SCV4IMC   \" ><div class=\" justified-gallery-inner-wrap \" data-action=\"get_be_justified_gallery_with_pagination\" data-paged=\"1\" data-source='{\"source\":\"selected\",\"account_name\":\"\",\"count\":\"\",\"col\":\"one\",\"masonry\":1}' data-images-array=\"16389,16421,16372,16842,14010,14004,16859,16371,16412,16384,16847,16374,16854,16865,16857,16853,16848,16855,16851,16856,16850,16397,16398,16835,16373,14005,16377,16375,16852,16849,16403,16409,16392,16837,16862,16836,16411,16868,16863,16826\" data-items-per-load=\"4\" data-hover-style=\"style1-hover\" data-image-grayscale=\"c_to_c\" data-image-effect=\"none\" data-thumb-overlay-color=\"\" data-grad-style-color=\"\" data-like-button=\"1\" data-disable-overlay=\"0\" ><div class=\" justified-gallery clickable clearfix be-photoswipe-gallery none\" data-gutter-width=\"20\" data-image-height=\"400\"  ><div class=\"element be-hoverlay not-wide style1-hover c_to_c jg-entry-visible\"><div class=\"element-inner none-effect\"><a href=\"https:\/\/www.firstfloorstudios.de\/firstfloorstudiosWP\/verwaltungWP\/wp-content\/uploads\/2025\/06\/gal21-hangar-essingen-elchingen-flugplatz.jpg\" data-size=\"1500x750\" data-href=\"https:\/\/www.firstfloorstudios.de\/firstfloorstudiosWP\/verwaltungWP\/wp-content\/uploads\/2025\/06\/gal21-hangar-essingen-elchingen-flugplatz.jpg\" class=\"thumb-wrap\" title=\"\"><div class=\"flip-img-wrap\"><img class = \"thumb-img\" height = \"750\" width = \"1500\" srcset = \"https:\/\/www.firstfloorstudios.de\/firstfloorstudiosWP\/verwaltungWP\/wp-content\/uploads\/2025\/06\/gal21-hangar-essingen-elchingen-flugplatz.jpg 1500w, https:\/\/www.firstfloorstudios.de\/firstfloorstudiosWP\/verwaltungWP\/wp-content\/uploads\/2025\/06\/gal21-hangar-essingen-elchingen-flugplatz-300x150.jpg 300w, https:\/\/www.firstfloorstudios.de\/firstfloorstudiosWP\/verwaltungWP\/wp-content\/uploads\/2025\/06\/gal21-hangar-essingen-elchingen-flugplatz-1024x512.jpg 1024w, https:\/\/www.firstfloorstudios.de\/firstfloorstudiosWP\/verwaltungWP\/wp-content\/uploads\/2025\/06\/gal21-hangar-essingen-elchingen-flugplatz-768x384.jpg 768w, https:\/\/www.firstfloorstudios.de\/firstfloorstudiosWP\/verwaltungWP\/wp-content\/uploads\/2025\/06\/gal21-hangar-essingen-elchingen-flugplatz-100x50.jpg 100w, https:\/\/www.firstfloorstudios.de\/firstfloorstudiosWP\/verwaltungWP\/wp-content\/uploads\/2025\/06\/gal21-hangar-essingen-elchingen-flugplatz-650x325.jpg 650w, https:\/\/www.firstfloorstudios.de\/firstfloorstudiosWP\/verwaltungWP\/wp-content\/uploads\/2025\/06\/gal21-hangar-essingen-elchingen-flugplatz-1000x500.jpg 1000w, https:\/\/www.firstfloorstudios.de\/firstfloorstudiosWP\/verwaltungWP\/wp-content\/uploads\/2025\/06\/gal21-hangar-essingen-elchingen-flugplatz-50x25.jpg 50w\" title = \"gal21-hangar-essingen-elchingen-flugplatz\" \/><\/div><div class=\"thumb-overlay\"><div class=\"thumb-bg\" ><div class=\"thumb-title-wrap display-table-cell vertical-align-middle align-center fadeIn animated\"><\/div><\/div><\/div><\/a><\/div><div class=\"caption\"><\/div><\/div><div class=\"element be-hoverlay not-wide style1-hover c_to_c jg-entry-visible\"><div class=\"element-inner none-effect\"><a href=\"https:\/\/www.firstfloorstudios.de\/firstfloorstudiosWP\/verwaltungWP\/wp-content\/uploads\/2025\/06\/gal21-sw-black-and-white-prints-stuttgart-leinfelden.jpg\" data-size=\"1500x1500\" data-href=\"https:\/\/www.firstfloorstudios.de\/firstfloorstudiosWP\/verwaltungWP\/wp-content\/uploads\/2025\/06\/gal21-sw-black-and-white-prints-stuttgart-leinfelden.jpg\" class=\"thumb-wrap\" title=\"\"><div class=\"flip-img-wrap\"><img class = \"thumb-img\" height = \"1500\" width = \"1500\" srcset = \"https:\/\/www.firstfloorstudios.de\/firstfloorstudiosWP\/verwaltungWP\/wp-content\/uploads\/2025\/06\/gal21-sw-black-and-white-prints-stuttgart-leinfelden.jpg 1500w, https:\/\/www.firstfloorstudios.de\/firstfloorstudiosWP\/verwaltungWP\/wp-content\/uploads\/2025\/06\/gal21-sw-black-and-white-prints-stuttgart-leinfelden-300x300.jpg 300w, https:\/\/www.firstfloorstudios.de\/firstfloorstudiosWP\/verwaltungWP\/wp-content\/uploads\/2025\/06\/gal21-sw-black-and-white-prints-stuttgart-leinfelden-1024x1024.jpg 1024w, https:\/\/www.firstfloorstudios.de\/firstfloorstudiosWP\/verwaltungWP\/wp-content\/uploads\/2025\/06\/gal21-sw-black-and-white-prints-stuttgart-leinfelden-150x150.jpg 150w, https:\/\/www.firstfloorstudios.de\/firstfloorstudiosWP\/verwaltungWP\/wp-content\/uploads\/2025\/06\/gal21-sw-black-and-white-prints-stuttgart-leinfelden-768x768.jpg 768w, https:\/\/www.firstfloorstudios.de\/firstfloorstudiosWP\/verwaltungWP\/wp-content\/uploads\/2025\/06\/gal21-sw-black-and-white-prints-stuttgart-leinfelden-50x50.jpg 50w, https:\/\/www.firstfloorstudios.de\/firstfloorstudiosWP\/verwaltungWP\/wp-content\/uploads\/2025\/06\/gal21-sw-black-and-white-prints-stuttgart-leinfelden-650x650.jpg 650w, https:\/\/www.firstfloorstudios.de\/firstfloorstudiosWP\/verwaltungWP\/wp-content\/uploads\/2025\/06\/gal21-sw-black-and-white-prints-stuttgart-leinfelden-1000x1000.jpg 1000w\" title = \"gal21-sw-black-and-white-prints-stuttgart-leinfelden\" \/><\/div><div class=\"thumb-overlay\"><div class=\"thumb-bg\" ><div class=\"thumb-title-wrap display-table-cell vertical-align-middle align-center fadeIn animated\"><\/div><\/div><\/div><\/a><\/div><div class=\"caption\"><\/div><\/div><div class=\"element be-hoverlay not-wide style1-hover c_to_c jg-entry-visible\"><div class=\"element-inner none-effect\"><a href=\"https:\/\/www.firstfloorstudios.de\/firstfloorstudiosWP\/verwaltungWP\/wp-content\/uploads\/2025\/06\/gal21-blush-nude-make-up-aalen-pain.jpg\" data-size=\"1500x1145\" data-href=\"https:\/\/www.firstfloorstudios.de\/firstfloorstudiosWP\/verwaltungWP\/wp-content\/uploads\/2025\/06\/gal21-blush-nude-make-up-aalen-pain.jpg\" class=\"thumb-wrap\" title=\"\"><div class=\"flip-img-wrap\"><img class = \"thumb-img\" height = \"1145\" width = \"1500\" srcset = \"https:\/\/www.firstfloorstudios.de\/firstfloorstudiosWP\/verwaltungWP\/wp-content\/uploads\/2025\/06\/gal21-blush-nude-make-up-aalen-pain.jpg 1500w, https:\/\/www.firstfloorstudios.de\/firstfloorstudiosWP\/verwaltungWP\/wp-content\/uploads\/2025\/06\/gal21-blush-nude-make-up-aalen-pain-300x229.jpg 300w, https:\/\/www.firstfloorstudios.de\/firstfloorstudiosWP\/verwaltungWP\/wp-content\/uploads\/2025\/06\/gal21-blush-nude-make-up-aalen-pain-1024x782.jpg 1024w, https:\/\/www.firstfloorstudios.de\/firstfloorstudiosWP\/verwaltungWP\/wp-content\/uploads\/2025\/06\/gal21-blush-nude-make-up-aalen-pain-768x586.jpg 768w, https:\/\/www.firstfloorstudios.de\/firstfloorstudiosWP\/verwaltungWP\/wp-content\/uploads\/2025\/06\/gal21-blush-nude-make-up-aalen-pain-66x50.jpg 66w, https:\/\/www.firstfloorstudios.de\/firstfloorstudiosWP\/verwaltungWP\/wp-content\/uploads\/2025\/06\/gal21-blush-nude-make-up-aalen-pain-650x496.jpg 650w, https:\/\/www.firstfloorstudios.de\/firstfloorstudiosWP\/verwaltungWP\/wp-content\/uploads\/2025\/06\/gal21-blush-nude-make-up-aalen-pain-1000x763.jpg 1000w, https:\/\/www.firstfloorstudios.de\/firstfloorstudiosWP\/verwaltungWP\/wp-content\/uploads\/2025\/06\/gal21-blush-nude-make-up-aalen-pain-50x38.jpg 50w\" title = \"gal21-blush-nude-make-up-aalen-pain\" \/><\/div><div class=\"thumb-overlay\"><div class=\"thumb-bg\" ><div class=\"thumb-title-wrap display-table-cell vertical-align-middle align-center fadeIn animated\"><\/div><\/div><\/div><\/a><\/div><div class=\"caption\"><\/div><\/div><div class=\"element be-hoverlay not-wide style1-hover c_to_c jg-entry-visible\"><div class=\"element-inner none-effect\"><a href=\"https:\/\/www.firstfloorstudios.de\/firstfloorstudiosWP\/verwaltungWP\/wp-content\/uploads\/2025\/08\/gal21-gastonomie-beriebe-aalen-restaurant-veranstaltung.jpg\" data-size=\"1500x1155\" data-href=\"https:\/\/www.firstfloorstudios.de\/firstfloorstudiosWP\/verwaltungWP\/wp-content\/uploads\/2025\/08\/gal21-gastonomie-beriebe-aalen-restaurant-veranstaltung.jpg\" class=\"thumb-wrap\" title=\"\"><div class=\"flip-img-wrap\"><img class = \"thumb-img\" height = \"1155\" width = \"1500\" srcset = \"https:\/\/www.firstfloorstudios.de\/firstfloorstudiosWP\/verwaltungWP\/wp-content\/uploads\/2025\/08\/gal21-gastonomie-beriebe-aalen-restaurant-veranstaltung.jpg 1500w, https:\/\/www.firstfloorstudios.de\/firstfloorstudiosWP\/verwaltungWP\/wp-content\/uploads\/2025\/08\/gal21-gastonomie-beriebe-aalen-restaurant-veranstaltung-300x231.jpg 300w, https:\/\/www.firstfloorstudios.de\/firstfloorstudiosWP\/verwaltungWP\/wp-content\/uploads\/2025\/08\/gal21-gastonomie-beriebe-aalen-restaurant-veranstaltung-1024x788.jpg 1024w, https:\/\/www.firstfloorstudios.de\/firstfloorstudiosWP\/verwaltungWP\/wp-content\/uploads\/2025\/08\/gal21-gastonomie-beriebe-aalen-restaurant-veranstaltung-768x591.jpg 768w, https:\/\/www.firstfloorstudios.de\/firstfloorstudiosWP\/verwaltungWP\/wp-content\/uploads\/2025\/08\/gal21-gastonomie-beriebe-aalen-restaurant-veranstaltung-65x50.jpg 65w, https:\/\/www.firstfloorstudios.de\/firstfloorstudiosWP\/verwaltungWP\/wp-content\/uploads\/2025\/08\/gal21-gastonomie-beriebe-aalen-restaurant-veranstaltung-650x501.jpg 650w, https:\/\/www.firstfloorstudios.de\/firstfloorstudiosWP\/verwaltungWP\/wp-content\/uploads\/2025\/08\/gal21-gastonomie-beriebe-aalen-restaurant-veranstaltung-1000x770.jpg 1000w, https:\/\/www.firstfloorstudios.de\/firstfloorstudiosWP\/verwaltungWP\/wp-content\/uploads\/2025\/08\/gal21-gastonomie-beriebe-aalen-restaurant-veranstaltung-50x39.jpg 50w\" title = \"gal21-gastonomie-beriebe-aalen-restaurant-veranstaltung\" \/><\/div><div class=\"thumb-overlay\"><div class=\"thumb-bg\" ><div class=\"thumb-title-wrap display-table-cell vertical-align-middle align-center fadeIn animated\"><\/div><\/div><\/div><\/a><\/div><div class=\"caption\"><\/div><\/div><div class=\"element be-hoverlay not-wide style1-hover c_to_c jg-entry-visible\"><div class=\"element-inner none-effect\"><a href=\"https:\/\/www.firstfloorstudios.de\/firstfloorstudiosWP\/verwaltungWP\/wp-content\/uploads\/2025\/05\/schloss-fachsenfeld-schoenes-wetter-blauer-himmel-schaefchen-wolken-blumen-wiese-garten-grillen-barbecue-sosse-block-house.jpg\" data-size=\"1500x1000\" data-href=\"https:\/\/www.firstfloorstudios.de\/firstfloorstudiosWP\/verwaltungWP\/wp-content\/uploads\/2025\/05\/schloss-fachsenfeld-schoenes-wetter-blauer-himmel-schaefchen-wolken-blumen-wiese-garten-grillen-barbecue-sosse-block-house.jpg\" class=\"thumb-wrap\" title=\"\"><div class=\"flip-img-wrap\"><img class = \"thumb-img\" height = \"1000\" width = \"1500\" srcset = \"https:\/\/www.firstfloorstudios.de\/firstfloorstudiosWP\/verwaltungWP\/wp-content\/uploads\/2025\/05\/schloss-fachsenfeld-schoenes-wetter-blauer-himmel-schaefchen-wolken-blumen-wiese-garten-grillen-barbecue-sosse-block-house.jpg 1500w, https:\/\/www.firstfloorstudios.de\/firstfloorstudiosWP\/verwaltungWP\/wp-content\/uploads\/2025\/05\/schloss-fachsenfeld-schoenes-wetter-blauer-himmel-schaefchen-wolken-blumen-wiese-garten-grillen-barbecue-sosse-block-house-300x200.jpg 300w, https:\/\/www.firstfloorstudios.de\/firstfloorstudiosWP\/verwaltungWP\/wp-content\/uploads\/2025\/05\/schloss-fachsenfeld-schoenes-wetter-blauer-himmel-schaefchen-wolken-blumen-wiese-garten-grillen-barbecue-sosse-block-house-1024x683.jpg 1024w, https:\/\/www.firstfloorstudios.de\/firstfloorstudiosWP\/verwaltungWP\/wp-content\/uploads\/2025\/05\/schloss-fachsenfeld-schoenes-wetter-blauer-himmel-schaefchen-wolken-blumen-wiese-garten-grillen-barbecue-sosse-block-house-768x512.jpg 768w, https:\/\/www.firstfloorstudios.de\/firstfloorstudiosWP\/verwaltungWP\/wp-content\/uploads\/2025\/05\/schloss-fachsenfeld-schoenes-wetter-blauer-himmel-schaefchen-wolken-blumen-wiese-garten-grillen-barbecue-sosse-block-house-75x50.jpg 75w, https:\/\/www.firstfloorstudios.de\/firstfloorstudiosWP\/verwaltungWP\/wp-content\/uploads\/2025\/05\/schloss-fachsenfeld-schoenes-wetter-blauer-himmel-schaefchen-wolken-blumen-wiese-garten-grillen-barbecue-sosse-block-house-650x433.jpg 650w, https:\/\/www.firstfloorstudios.de\/firstfloorstudiosWP\/verwaltungWP\/wp-content\/uploads\/2025\/05\/schloss-fachsenfeld-schoenes-wetter-blauer-himmel-schaefchen-wolken-blumen-wiese-garten-grillen-barbecue-sosse-block-house-1000x667.jpg 1000w, https:\/\/www.firstfloorstudios.de\/firstfloorstudiosWP\/verwaltungWP\/wp-content\/uploads\/2025\/05\/schloss-fachsenfeld-schoenes-wetter-blauer-himmel-schaefchen-wolken-blumen-wiese-garten-grillen-barbecue-sosse-block-house-50x33.jpg 50w\" title = \"schloss-fachsenfeld-schoenes-wetter-blauer-himmel-schaefchen-wolken-blumen-wiese-garten-grillen-barbecue-sosse-block-house\" \/><\/div><div class=\"thumb-overlay\"><div class=\"thumb-bg\" ><div class=\"thumb-title-wrap display-table-cell vertical-align-middle align-center fadeIn animated\"><\/div><\/div><\/div><\/a><\/div><div class=\"caption\"><\/div><\/div><div class=\"element be-hoverlay not-wide style1-hover c_to_c jg-entry-visible\"><div class=\"element-inner none-effect\"><a href=\"https:\/\/www.firstfloorstudios.de\/firstfloorstudiosWP\/verwaltungWP\/wp-content\/uploads\/2025\/05\/getraenk-warm-kalt-muede-wach-fit-gesund-lebendig-nahrung-ergaenzung-foto-photo-fotograf-photograph.jpg\" data-size=\"1500x1195\" data-href=\"https:\/\/www.firstfloorstudios.de\/firstfloorstudiosWP\/verwaltungWP\/wp-content\/uploads\/2025\/05\/getraenk-warm-kalt-muede-wach-fit-gesund-lebendig-nahrung-ergaenzung-foto-photo-fotograf-photograph.jpg\" class=\"thumb-wrap\" title=\"\"><div class=\"flip-img-wrap\"><img class = \"thumb-img\" height = \"1195\" width = \"1500\" srcset = \"https:\/\/www.firstfloorstudios.de\/firstfloorstudiosWP\/verwaltungWP\/wp-content\/uploads\/2025\/05\/getraenk-warm-kalt-muede-wach-fit-gesund-lebendig-nahrung-ergaenzung-foto-photo-fotograf-photograph.jpg 1500w, https:\/\/www.firstfloorstudios.de\/firstfloorstudiosWP\/verwaltungWP\/wp-content\/uploads\/2025\/05\/getraenk-warm-kalt-muede-wach-fit-gesund-lebendig-nahrung-ergaenzung-foto-photo-fotograf-photograph-300x239.jpg 300w, https:\/\/www.firstfloorstudios.de\/firstfloorstudiosWP\/verwaltungWP\/wp-content\/uploads\/2025\/05\/getraenk-warm-kalt-muede-wach-fit-gesund-lebendig-nahrung-ergaenzung-foto-photo-fotograf-photograph-1024x816.jpg 1024w, https:\/\/www.firstfloorstudios.de\/firstfloorstudiosWP\/verwaltungWP\/wp-content\/uploads\/2025\/05\/getraenk-warm-kalt-muede-wach-fit-gesund-lebendig-nahrung-ergaenzung-foto-photo-fotograf-photograph-768x612.jpg 768w, https:\/\/www.firstfloorstudios.de\/firstfloorstudiosWP\/verwaltungWP\/wp-content\/uploads\/2025\/05\/getraenk-warm-kalt-muede-wach-fit-gesund-lebendig-nahrung-ergaenzung-foto-photo-fotograf-photograph-63x50.jpg 63w, https:\/\/www.firstfloorstudios.de\/firstfloorstudiosWP\/verwaltungWP\/wp-content\/uploads\/2025\/05\/getraenk-warm-kalt-muede-wach-fit-gesund-lebendig-nahrung-ergaenzung-foto-photo-fotograf-photograph-650x518.jpg 650w, https:\/\/www.firstfloorstudios.de\/firstfloorstudiosWP\/verwaltungWP\/wp-content\/uploads\/2025\/05\/getraenk-warm-kalt-muede-wach-fit-gesund-lebendig-nahrung-ergaenzung-foto-photo-fotograf-photograph-1000x797.jpg 1000w, https:\/\/www.firstfloorstudios.de\/firstfloorstudiosWP\/verwaltungWP\/wp-content\/uploads\/2025\/05\/getraenk-warm-kalt-muede-wach-fit-gesund-lebendig-nahrung-ergaenzung-foto-photo-fotograf-photograph-50x40.jpg 50w\" title = \"getraenk-warm-kalt-muede-wach-fit-gesund-lebendig-nahrung-ergaenzung-foto-photo-fotograf-photograph\" \/><\/div><div class=\"thumb-overlay\"><div class=\"thumb-bg\" ><div class=\"thumb-title-wrap display-table-cell vertical-align-middle align-center fadeIn animated\"><\/div><\/div><\/div><\/a><\/div><div class=\"caption\"><\/div><\/div><div class=\"element be-hoverlay not-wide style1-hover c_to_c jg-entry-visible\"><div class=\"element-inner none-effect\"><a href=\"https:\/\/www.firstfloorstudios.de\/firstfloorstudiosWP\/verwaltungWP\/wp-content\/uploads\/2025\/08\/gal21-kloster-lorch-goldforum-prediger-schwaebisch.jpg\" data-size=\"1001x1500\" data-href=\"https:\/\/www.firstfloorstudios.de\/firstfloorstudiosWP\/verwaltungWP\/wp-content\/uploads\/2025\/08\/gal21-kloster-lorch-goldforum-prediger-schwaebisch.jpg\" class=\"thumb-wrap\" title=\"\"><div class=\"flip-img-wrap\"><img class = \"thumb-img\" height = \"1500\" width = \"1001\" srcset = \"https:\/\/www.firstfloorstudios.de\/firstfloorstudiosWP\/verwaltungWP\/wp-content\/uploads\/2025\/08\/gal21-kloster-lorch-goldforum-prediger-schwaebisch.jpg 1001w, https:\/\/www.firstfloorstudios.de\/firstfloorstudiosWP\/verwaltungWP\/wp-content\/uploads\/2025\/08\/gal21-kloster-lorch-goldforum-prediger-schwaebisch-200x300.jpg 200w, https:\/\/www.firstfloorstudios.de\/firstfloorstudiosWP\/verwaltungWP\/wp-content\/uploads\/2025\/08\/gal21-kloster-lorch-goldforum-prediger-schwaebisch-683x1024.jpg 683w, https:\/\/www.firstfloorstudios.de\/firstfloorstudiosWP\/verwaltungWP\/wp-content\/uploads\/2025\/08\/gal21-kloster-lorch-goldforum-prediger-schwaebisch-768x1151.jpg 768w, https:\/\/www.firstfloorstudios.de\/firstfloorstudiosWP\/verwaltungWP\/wp-content\/uploads\/2025\/08\/gal21-kloster-lorch-goldforum-prediger-schwaebisch-33x50.jpg 33w, https:\/\/www.firstfloorstudios.de\/firstfloorstudiosWP\/verwaltungWP\/wp-content\/uploads\/2025\/08\/gal21-kloster-lorch-goldforum-prediger-schwaebisch-650x974.jpg 650w, https:\/\/www.firstfloorstudios.de\/firstfloorstudiosWP\/verwaltungWP\/wp-content\/uploads\/2025\/08\/gal21-kloster-lorch-goldforum-prediger-schwaebisch-50x75.jpg 50w\" title = \"gal21-kloster-lorch-goldforum-prediger-schwaebisch\" \/><\/div><div class=\"thumb-overlay\"><div class=\"thumb-bg\" ><div class=\"thumb-title-wrap display-table-cell vertical-align-middle align-center fadeIn animated\"><\/div><\/div><\/div><\/a><\/div><div class=\"caption\"><\/div><\/div><div class=\"element be-hoverlay not-wide style1-hover c_to_c jg-entry-visible\"><div class=\"element-inner none-effect\"><a href=\"https:\/\/www.firstfloorstudios.de\/firstfloorstudiosWP\/verwaltungWP\/wp-content\/uploads\/2025\/06\/gal21-blumen-deko-tisch-karten.jpg\" data-size=\"958x1500\" data-href=\"https:\/\/www.firstfloorstudios.de\/firstfloorstudiosWP\/verwaltungWP\/wp-content\/uploads\/2025\/06\/gal21-blumen-deko-tisch-karten.jpg\" class=\"thumb-wrap\" title=\"\"><div class=\"flip-img-wrap\"><img class = \"thumb-img\" height = \"1500\" width = \"958\" srcset = \"https:\/\/www.firstfloorstudios.de\/firstfloorstudiosWP\/verwaltungWP\/wp-content\/uploads\/2025\/06\/gal21-blumen-deko-tisch-karten.jpg 958w, https:\/\/www.firstfloorstudios.de\/firstfloorstudiosWP\/verwaltungWP\/wp-content\/uploads\/2025\/06\/gal21-blumen-deko-tisch-karten-192x300.jpg 192w, https:\/\/www.firstfloorstudios.de\/firstfloorstudiosWP\/verwaltungWP\/wp-content\/uploads\/2025\/06\/gal21-blumen-deko-tisch-karten-654x1024.jpg 654w, https:\/\/www.firstfloorstudios.de\/firstfloorstudiosWP\/verwaltungWP\/wp-content\/uploads\/2025\/06\/gal21-blumen-deko-tisch-karten-768x1203.jpg 768w, https:\/\/www.firstfloorstudios.de\/firstfloorstudiosWP\/verwaltungWP\/wp-content\/uploads\/2025\/06\/gal21-blumen-deko-tisch-karten-32x50.jpg 32w, https:\/\/www.firstfloorstudios.de\/firstfloorstudiosWP\/verwaltungWP\/wp-content\/uploads\/2025\/06\/gal21-blumen-deko-tisch-karten-650x1018.jpg 650w, https:\/\/www.firstfloorstudios.de\/firstfloorstudiosWP\/verwaltungWP\/wp-content\/uploads\/2025\/06\/gal21-blumen-deko-tisch-karten-50x78.jpg 50w\" title = \"gal21-blumen-deko-tisch-karten\" \/><\/div><div class=\"thumb-overlay\"><div class=\"thumb-bg\" ><div class=\"thumb-title-wrap display-table-cell vertical-align-middle align-center fadeIn animated\"><\/div><\/div><\/div><\/a><\/div><div class=\"caption\"><\/div><\/div><div class=\"element be-hoverlay not-wide style1-hover c_to_c jg-entry-visible\"><div class=\"element-inner none-effect\"><a href=\"https:\/\/www.firstfloorstudios.de\/firstfloorstudiosWP\/verwaltungWP\/wp-content\/uploads\/2025\/06\/gal21-sand-werk-uhr-computer-sofware.jpg\" data-size=\"1500x1130\" data-href=\"https:\/\/www.firstfloorstudios.de\/firstfloorstudiosWP\/verwaltungWP\/wp-content\/uploads\/2025\/06\/gal21-sand-werk-uhr-computer-sofware.jpg\" class=\"thumb-wrap\" title=\"\"><div class=\"flip-img-wrap\"><img class = \"thumb-img\" height = \"1130\" width = \"1500\" srcset = \"https:\/\/www.firstfloorstudios.de\/firstfloorstudiosWP\/verwaltungWP\/wp-content\/uploads\/2025\/06\/gal21-sand-werk-uhr-computer-sofware.jpg 1500w, https:\/\/www.firstfloorstudios.de\/firstfloorstudiosWP\/verwaltungWP\/wp-content\/uploads\/2025\/06\/gal21-sand-werk-uhr-computer-sofware-300x226.jpg 300w, https:\/\/www.firstfloorstudios.de\/firstfloorstudiosWP\/verwaltungWP\/wp-content\/uploads\/2025\/06\/gal21-sand-werk-uhr-computer-sofware-1024x771.jpg 1024w, https:\/\/www.firstfloorstudios.de\/firstfloorstudiosWP\/verwaltungWP\/wp-content\/uploads\/2025\/06\/gal21-sand-werk-uhr-computer-sofware-768x579.jpg 768w, https:\/\/www.firstfloorstudios.de\/firstfloorstudiosWP\/verwaltungWP\/wp-content\/uploads\/2025\/06\/gal21-sand-werk-uhr-computer-sofware-66x50.jpg 66w, https:\/\/www.firstfloorstudios.de\/firstfloorstudiosWP\/verwaltungWP\/wp-content\/uploads\/2025\/06\/gal21-sand-werk-uhr-computer-sofware-650x490.jpg 650w, https:\/\/www.firstfloorstudios.de\/firstfloorstudiosWP\/verwaltungWP\/wp-content\/uploads\/2025\/06\/gal21-sand-werk-uhr-computer-sofware-1000x753.jpg 1000w, https:\/\/www.firstfloorstudios.de\/firstfloorstudiosWP\/verwaltungWP\/wp-content\/uploads\/2025\/06\/gal21-sand-werk-uhr-computer-sofware-50x38.jpg 50w\" title = \"gal21-sand-werk-uhr-computer-sofware\" \/><\/div><div class=\"thumb-overlay\"><div class=\"thumb-bg\" ><div class=\"thumb-title-wrap display-table-cell vertical-align-middle align-center fadeIn animated\"><\/div><\/div><\/div><\/a><\/div><div class=\"caption\"><\/div><\/div><div class=\"element be-hoverlay not-wide style1-hover c_to_c jg-entry-visible\"><div class=\"element-inner none-effect\"><a href=\"https:\/\/www.firstfloorstudios.de\/firstfloorstudiosWP\/verwaltungWP\/wp-content\/uploads\/2025\/06\/gal21-gaeste-trauung-taufe-dekoration-tisch-menue.jpg\" data-size=\"1500x1000\" data-href=\"https:\/\/www.firstfloorstudios.de\/firstfloorstudiosWP\/verwaltungWP\/wp-content\/uploads\/2025\/06\/gal21-gaeste-trauung-taufe-dekoration-tisch-menue.jpg\" class=\"thumb-wrap\" title=\"\"><div class=\"flip-img-wrap\"><img class = \"thumb-img\" height = \"1000\" width = \"1500\" srcset = \"https:\/\/www.firstfloorstudios.de\/firstfloorstudiosWP\/verwaltungWP\/wp-content\/uploads\/2025\/06\/gal21-gaeste-trauung-taufe-dekoration-tisch-menue.jpg 1500w, https:\/\/www.firstfloorstudios.de\/firstfloorstudiosWP\/verwaltungWP\/wp-content\/uploads\/2025\/06\/gal21-gaeste-trauung-taufe-dekoration-tisch-menue-300x200.jpg 300w, https:\/\/www.firstfloorstudios.de\/firstfloorstudiosWP\/verwaltungWP\/wp-content\/uploads\/2025\/06\/gal21-gaeste-trauung-taufe-dekoration-tisch-menue-1024x683.jpg 1024w, https:\/\/www.firstfloorstudios.de\/firstfloorstudiosWP\/verwaltungWP\/wp-content\/uploads\/2025\/06\/gal21-gaeste-trauung-taufe-dekoration-tisch-menue-768x512.jpg 768w, https:\/\/www.firstfloorstudios.de\/firstfloorstudiosWP\/verwaltungWP\/wp-content\/uploads\/2025\/06\/gal21-gaeste-trauung-taufe-dekoration-tisch-menue-75x50.jpg 75w, https:\/\/www.firstfloorstudios.de\/firstfloorstudiosWP\/verwaltungWP\/wp-content\/uploads\/2025\/06\/gal21-gaeste-trauung-taufe-dekoration-tisch-menue-650x433.jpg 650w, https:\/\/www.firstfloorstudios.de\/firstfloorstudiosWP\/verwaltungWP\/wp-content\/uploads\/2025\/06\/gal21-gaeste-trauung-taufe-dekoration-tisch-menue-1000x667.jpg 1000w, https:\/\/www.firstfloorstudios.de\/firstfloorstudiosWP\/verwaltungWP\/wp-content\/uploads\/2025\/06\/gal21-gaeste-trauung-taufe-dekoration-tisch-menue-50x33.jpg 50w\" title = \"gal21-gaeste-trauung-taufe-dekoration-tisch-menue\" \/><\/div><div class=\"thumb-overlay\"><div class=\"thumb-bg\" ><div class=\"thumb-title-wrap display-table-cell vertical-align-middle align-center fadeIn animated\"><\/div><\/div><\/div><\/a><\/div><div class=\"caption\"><\/div><\/div><div class=\"element be-hoverlay not-wide style1-hover c_to_c jg-entry-visible\"><div class=\"element-inner none-effect\"><a href=\"https:\/\/www.firstfloorstudios.de\/firstfloorstudiosWP\/verwaltungWP\/wp-content\/uploads\/2025\/08\/gal21-bergenweiler-hermaringen-niederstotzingen-charlottenhoehle.jpg\" data-size=\"1500x1325\" data-href=\"https:\/\/www.firstfloorstudios.de\/firstfloorstudiosWP\/verwaltungWP\/wp-content\/uploads\/2025\/08\/gal21-bergenweiler-hermaringen-niederstotzingen-charlottenhoehle.jpg\" class=\"thumb-wrap\" title=\"\"><div class=\"flip-img-wrap\"><img class = \"thumb-img\" height = \"1325\" width = \"1500\" srcset = \"https:\/\/www.firstfloorstudios.de\/firstfloorstudiosWP\/verwaltungWP\/wp-content\/uploads\/2025\/08\/gal21-bergenweiler-hermaringen-niederstotzingen-charlottenhoehle.jpg 1500w, https:\/\/www.firstfloorstudios.de\/firstfloorstudiosWP\/verwaltungWP\/wp-content\/uploads\/2025\/08\/gal21-bergenweiler-hermaringen-niederstotzingen-charlottenhoehle-300x265.jpg 300w, https:\/\/www.firstfloorstudios.de\/firstfloorstudiosWP\/verwaltungWP\/wp-content\/uploads\/2025\/08\/gal21-bergenweiler-hermaringen-niederstotzingen-charlottenhoehle-1024x905.jpg 1024w, https:\/\/www.firstfloorstudios.de\/firstfloorstudiosWP\/verwaltungWP\/wp-content\/uploads\/2025\/08\/gal21-bergenweiler-hermaringen-niederstotzingen-charlottenhoehle-768x678.jpg 768w, https:\/\/www.firstfloorstudios.de\/firstfloorstudiosWP\/verwaltungWP\/wp-content\/uploads\/2025\/08\/gal21-bergenweiler-hermaringen-niederstotzingen-charlottenhoehle-57x50.jpg 57w, https:\/\/www.firstfloorstudios.de\/firstfloorstudiosWP\/verwaltungWP\/wp-content\/uploads\/2025\/08\/gal21-bergenweiler-hermaringen-niederstotzingen-charlottenhoehle-650x574.jpg 650w, https:\/\/www.firstfloorstudios.de\/firstfloorstudiosWP\/verwaltungWP\/wp-content\/uploads\/2025\/08\/gal21-bergenweiler-hermaringen-niederstotzingen-charlottenhoehle-1000x883.jpg 1000w, https:\/\/www.firstfloorstudios.de\/firstfloorstudiosWP\/verwaltungWP\/wp-content\/uploads\/2025\/08\/gal21-bergenweiler-hermaringen-niederstotzingen-charlottenhoehle-50x44.jpg 50w\" title = \"gal21-bergenweiler-hermaringen-niederstotzingen-charlottenhoehle\" \/><\/div><div class=\"thumb-overlay\"><div class=\"thumb-bg\" ><div class=\"thumb-title-wrap display-table-cell vertical-align-middle align-center fadeIn animated\"><\/div><\/div><\/div><\/a><\/div><div class=\"caption\"><\/div><\/div><div class=\"element be-hoverlay not-wide style1-hover c_to_c jg-entry-visible\"><div class=\"element-inner none-effect\"><a href=\"https:\/\/www.firstfloorstudios.de\/firstfloorstudiosWP\/verwaltungWP\/wp-content\/uploads\/2025\/06\/gal21-Burg-niederalfingen-kapfenburg-lauchheim-huelen.jpg\" data-size=\"1018x1500\" data-href=\"https:\/\/www.firstfloorstudios.de\/firstfloorstudiosWP\/verwaltungWP\/wp-content\/uploads\/2025\/06\/gal21-Burg-niederalfingen-kapfenburg-lauchheim-huelen.jpg\" class=\"thumb-wrap\" title=\"\"><div class=\"flip-img-wrap\"><img class = \"thumb-img\" height = \"1500\" width = \"1018\" srcset = \"https:\/\/www.firstfloorstudios.de\/firstfloorstudiosWP\/verwaltungWP\/wp-content\/uploads\/2025\/06\/gal21-Burg-niederalfingen-kapfenburg-lauchheim-huelen.jpg 1018w, https:\/\/www.firstfloorstudios.de\/firstfloorstudiosWP\/verwaltungWP\/wp-content\/uploads\/2025\/06\/gal21-Burg-niederalfingen-kapfenburg-lauchheim-huelen-204x300.jpg 204w, https:\/\/www.firstfloorstudios.de\/firstfloorstudiosWP\/verwaltungWP\/wp-content\/uploads\/2025\/06\/gal21-Burg-niederalfingen-kapfenburg-lauchheim-huelen-695x1024.jpg 695w, https:\/\/www.firstfloorstudios.de\/firstfloorstudiosWP\/verwaltungWP\/wp-content\/uploads\/2025\/06\/gal21-Burg-niederalfingen-kapfenburg-lauchheim-huelen-768x1132.jpg 768w, https:\/\/www.firstfloorstudios.de\/firstfloorstudiosWP\/verwaltungWP\/wp-content\/uploads\/2025\/06\/gal21-Burg-niederalfingen-kapfenburg-lauchheim-huelen-34x50.jpg 34w, https:\/\/www.firstfloorstudios.de\/firstfloorstudiosWP\/verwaltungWP\/wp-content\/uploads\/2025\/06\/gal21-Burg-niederalfingen-kapfenburg-lauchheim-huelen-650x958.jpg 650w, https:\/\/www.firstfloorstudios.de\/firstfloorstudiosWP\/verwaltungWP\/wp-content\/uploads\/2025\/06\/gal21-Burg-niederalfingen-kapfenburg-lauchheim-huelen-1000x1473.jpg 1000w, https:\/\/www.firstfloorstudios.de\/firstfloorstudiosWP\/verwaltungWP\/wp-content\/uploads\/2025\/06\/gal21-Burg-niederalfingen-kapfenburg-lauchheim-huelen-50x74.jpg 50w\" title = \"gal21-Burg-niederalfingen-kapfenburg-lauchheim-huelen\" \/><\/div><div class=\"thumb-overlay\"><div class=\"thumb-bg\" ><div class=\"thumb-title-wrap display-table-cell vertical-align-middle align-center fadeIn animated\"><\/div><\/div><\/div><\/a><\/div><div class=\"caption\"><\/div><\/div><div class=\"element be-hoverlay not-wide style1-hover c_to_c jg-entry-visible\"><div class=\"element-inner none-effect\"><a href=\"https:\/\/www.firstfloorstudios.de\/firstfloorstudiosWP\/verwaltungWP\/wp-content\/uploads\/2025\/08\/gal21-rock-metal-hochzeit-musik-dj-band-1.jpg\" data-size=\"1000x1500\" data-href=\"https:\/\/www.firstfloorstudios.de\/firstfloorstudiosWP\/verwaltungWP\/wp-content\/uploads\/2025\/08\/gal21-rock-metal-hochzeit-musik-dj-band-1.jpg\" class=\"thumb-wrap\" title=\"\"><div class=\"flip-img-wrap\"><img class = \"thumb-img\" height = \"1500\" width = \"1000\" srcset = \"https:\/\/www.firstfloorstudios.de\/firstfloorstudiosWP\/verwaltungWP\/wp-content\/uploads\/2025\/08\/gal21-rock-metal-hochzeit-musik-dj-band-1.jpg 1000w, https:\/\/www.firstfloorstudios.de\/firstfloorstudiosWP\/verwaltungWP\/wp-content\/uploads\/2025\/08\/gal21-rock-metal-hochzeit-musik-dj-band-1-200x300.jpg 200w, https:\/\/www.firstfloorstudios.de\/firstfloorstudiosWP\/verwaltungWP\/wp-content\/uploads\/2025\/08\/gal21-rock-metal-hochzeit-musik-dj-band-1-683x1024.jpg 683w, https:\/\/www.firstfloorstudios.de\/firstfloorstudiosWP\/verwaltungWP\/wp-content\/uploads\/2025\/08\/gal21-rock-metal-hochzeit-musik-dj-band-1-768x1152.jpg 768w, https:\/\/www.firstfloorstudios.de\/firstfloorstudiosWP\/verwaltungWP\/wp-content\/uploads\/2025\/08\/gal21-rock-metal-hochzeit-musik-dj-band-1-33x50.jpg 33w, https:\/\/www.firstfloorstudios.de\/firstfloorstudiosWP\/verwaltungWP\/wp-content\/uploads\/2025\/08\/gal21-rock-metal-hochzeit-musik-dj-band-1-650x975.jpg 650w, https:\/\/www.firstfloorstudios.de\/firstfloorstudiosWP\/verwaltungWP\/wp-content\/uploads\/2025\/08\/gal21-rock-metal-hochzeit-musik-dj-band-1-50x75.jpg 50w\" title = \"gal21-rock-metal-hochzeit-musik-dj-band\" \/><\/div><div class=\"thumb-overlay\"><div class=\"thumb-bg\" ><div class=\"thumb-title-wrap display-table-cell vertical-align-middle align-center fadeIn animated\"><\/div><\/div><\/div><\/a><\/div><div class=\"caption\"><\/div><\/div><div class=\"element be-hoverlay not-wide style1-hover c_to_c jg-entry-visible\"><div class=\"element-inner none-effect\"><a href=\"https:\/\/www.firstfloorstudios.de\/firstfloorstudiosWP\/verwaltungWP\/wp-content\/uploads\/2025\/08\/gal21-kinder-bekommen-haus-bauen-1.jpg\" data-size=\"1189x1500\" data-href=\"https:\/\/www.firstfloorstudios.de\/firstfloorstudiosWP\/verwaltungWP\/wp-content\/uploads\/2025\/08\/gal21-kinder-bekommen-haus-bauen-1.jpg\" class=\"thumb-wrap\" title=\"\"><div class=\"flip-img-wrap\"><img class = \"thumb-img\" height = \"1500\" width = \"1189\" srcset = \"https:\/\/www.firstfloorstudios.de\/firstfloorstudiosWP\/verwaltungWP\/wp-content\/uploads\/2025\/08\/gal21-kinder-bekommen-haus-bauen-1.jpg 1189w, https:\/\/www.firstfloorstudios.de\/firstfloorstudiosWP\/verwaltungWP\/wp-content\/uploads\/2025\/08\/gal21-kinder-bekommen-haus-bauen-1-238x300.jpg 238w, https:\/\/www.firstfloorstudios.de\/firstfloorstudiosWP\/verwaltungWP\/wp-content\/uploads\/2025\/08\/gal21-kinder-bekommen-haus-bauen-1-812x1024.jpg 812w, https:\/\/www.firstfloorstudios.de\/firstfloorstudiosWP\/verwaltungWP\/wp-content\/uploads\/2025\/08\/gal21-kinder-bekommen-haus-bauen-1-768x969.jpg 768w, https:\/\/www.firstfloorstudios.de\/firstfloorstudiosWP\/verwaltungWP\/wp-content\/uploads\/2025\/08\/gal21-kinder-bekommen-haus-bauen-1-40x50.jpg 40w, https:\/\/www.firstfloorstudios.de\/firstfloorstudiosWP\/verwaltungWP\/wp-content\/uploads\/2025\/08\/gal21-kinder-bekommen-haus-bauen-1-650x820.jpg 650w, https:\/\/www.firstfloorstudios.de\/firstfloorstudiosWP\/verwaltungWP\/wp-content\/uploads\/2025\/08\/gal21-kinder-bekommen-haus-bauen-1-1000x1262.jpg 1000w, https:\/\/www.firstfloorstudios.de\/firstfloorstudiosWP\/verwaltungWP\/wp-content\/uploads\/2025\/08\/gal21-kinder-bekommen-haus-bauen-1-50x63.jpg 50w\" title = \"gal21-kinder-bekommen-haus-bauen\" \/><\/div><div class=\"thumb-overlay\"><div class=\"thumb-bg\" ><div class=\"thumb-title-wrap display-table-cell vertical-align-middle align-center fadeIn animated\"><\/div><\/div><\/div><\/a><\/div><div class=\"caption\"><\/div><\/div><div class=\"element be-hoverlay not-wide style1-hover c_to_c jg-entry-visible\"><div class=\"element-inner none-effect\"><a href=\"https:\/\/www.firstfloorstudios.de\/firstfloorstudiosWP\/verwaltungWP\/wp-content\/uploads\/2025\/08\/gal21-underground-london-schweden-universitaet.jpg\" data-size=\"1500x1083\" data-href=\"https:\/\/www.firstfloorstudios.de\/firstfloorstudiosWP\/verwaltungWP\/wp-content\/uploads\/2025\/08\/gal21-underground-london-schweden-universitaet.jpg\" class=\"thumb-wrap\" title=\"\"><div class=\"flip-img-wrap\"><img class = \"thumb-img\" height = \"1083\" width = \"1500\" srcset = \"https:\/\/www.firstfloorstudios.de\/firstfloorstudiosWP\/verwaltungWP\/wp-content\/uploads\/2025\/08\/gal21-underground-london-schweden-universitaet.jpg 1500w, https:\/\/www.firstfloorstudios.de\/firstfloorstudiosWP\/verwaltungWP\/wp-content\/uploads\/2025\/08\/gal21-underground-london-schweden-universitaet-300x217.jpg 300w, https:\/\/www.firstfloorstudios.de\/firstfloorstudiosWP\/verwaltungWP\/wp-content\/uploads\/2025\/08\/gal21-underground-london-schweden-universitaet-1024x739.jpg 1024w, https:\/\/www.firstfloorstudios.de\/firstfloorstudiosWP\/verwaltungWP\/wp-content\/uploads\/2025\/08\/gal21-underground-london-schweden-universitaet-768x554.jpg 768w, https:\/\/www.firstfloorstudios.de\/firstfloorstudiosWP\/verwaltungWP\/wp-content\/uploads\/2025\/08\/gal21-underground-london-schweden-universitaet-69x50.jpg 69w, https:\/\/www.firstfloorstudios.de\/firstfloorstudiosWP\/verwaltungWP\/wp-content\/uploads\/2025\/08\/gal21-underground-london-schweden-universitaet-650x469.jpg 650w, https:\/\/www.firstfloorstudios.de\/firstfloorstudiosWP\/verwaltungWP\/wp-content\/uploads\/2025\/08\/gal21-underground-london-schweden-universitaet-1000x722.jpg 1000w, https:\/\/www.firstfloorstudios.de\/firstfloorstudiosWP\/verwaltungWP\/wp-content\/uploads\/2025\/08\/gal21-underground-london-schweden-universitaet-50x36.jpg 50w\" title = \"gal21-underground-london-schweden-universitaet\" \/><\/div><div class=\"thumb-overlay\"><div class=\"thumb-bg\" ><div class=\"thumb-title-wrap display-table-cell vertical-align-middle align-center fadeIn animated\"><\/div><\/div><\/div><\/a><\/div><div class=\"caption\"><\/div><\/div><div class=\"element be-hoverlay not-wide style1-hover c_to_c jg-entry-visible\"><div class=\"element-inner none-effect\"><a href=\"https:\/\/www.firstfloorstudios.de\/firstfloorstudiosWP\/verwaltungWP\/wp-content\/uploads\/2025\/08\/gal21-holbau-hoefer-rauental-tobias-oehler-1.jpg\" data-size=\"1500x1424\" data-href=\"https:\/\/www.firstfloorstudios.de\/firstfloorstudiosWP\/verwaltungWP\/wp-content\/uploads\/2025\/08\/gal21-holbau-hoefer-rauental-tobias-oehler-1.jpg\" class=\"thumb-wrap\" title=\"\"><div class=\"flip-img-wrap\"><img class = \"thumb-img\" height = \"1424\" width = \"1500\" srcset = \"https:\/\/www.firstfloorstudios.de\/firstfloorstudiosWP\/verwaltungWP\/wp-content\/uploads\/2025\/08\/gal21-holbau-hoefer-rauental-tobias-oehler-1.jpg 1500w, https:\/\/www.firstfloorstudios.de\/firstfloorstudiosWP\/verwaltungWP\/wp-content\/uploads\/2025\/08\/gal21-holbau-hoefer-rauental-tobias-oehler-1-300x285.jpg 300w, https:\/\/www.firstfloorstudios.de\/firstfloorstudiosWP\/verwaltungWP\/wp-content\/uploads\/2025\/08\/gal21-holbau-hoefer-rauental-tobias-oehler-1-1024x972.jpg 1024w, https:\/\/www.firstfloorstudios.de\/firstfloorstudiosWP\/verwaltungWP\/wp-content\/uploads\/2025\/08\/gal21-holbau-hoefer-rauental-tobias-oehler-1-768x729.jpg 768w, https:\/\/www.firstfloorstudios.de\/firstfloorstudiosWP\/verwaltungWP\/wp-content\/uploads\/2025\/08\/gal21-holbau-hoefer-rauental-tobias-oehler-1-53x50.jpg 53w, https:\/\/www.firstfloorstudios.de\/firstfloorstudiosWP\/verwaltungWP\/wp-content\/uploads\/2025\/08\/gal21-holbau-hoefer-rauental-tobias-oehler-1-650x617.jpg 650w, https:\/\/www.firstfloorstudios.de\/firstfloorstudiosWP\/verwaltungWP\/wp-content\/uploads\/2025\/08\/gal21-holbau-hoefer-rauental-tobias-oehler-1-1000x949.jpg 1000w, https:\/\/www.firstfloorstudios.de\/firstfloorstudiosWP\/verwaltungWP\/wp-content\/uploads\/2025\/08\/gal21-holbau-hoefer-rauental-tobias-oehler-1-50x47.jpg 50w\" title = \"gal21-holbau-hoefer-rauental-tobias-oehler\" \/><\/div><div class=\"thumb-overlay\"><div class=\"thumb-bg\" ><div class=\"thumb-title-wrap display-table-cell vertical-align-middle align-center fadeIn animated\"><\/div><\/div><\/div><\/a><\/div><div class=\"caption\"><\/div><\/div><div class=\"element be-hoverlay not-wide style1-hover c_to_c jg-entry-visible\"><div class=\"element-inner none-effect\"><a href=\"https:\/\/www.firstfloorstudios.de\/firstfloorstudiosWP\/verwaltungWP\/wp-content\/uploads\/2025\/08\/gal21-jeep-himmel-hochzeit-ebnat-aalen-heidenheim-1.jpg\" data-size=\"1500x954\" data-href=\"https:\/\/www.firstfloorstudios.de\/firstfloorstudiosWP\/verwaltungWP\/wp-content\/uploads\/2025\/08\/gal21-jeep-himmel-hochzeit-ebnat-aalen-heidenheim-1.jpg\" class=\"thumb-wrap\" title=\"\"><div class=\"flip-img-wrap\"><img class = \"thumb-img\" height = \"954\" width = \"1500\" srcset = \"https:\/\/www.firstfloorstudios.de\/firstfloorstudiosWP\/verwaltungWP\/wp-content\/uploads\/2025\/08\/gal21-jeep-himmel-hochzeit-ebnat-aalen-heidenheim-1.jpg 1500w, https:\/\/www.firstfloorstudios.de\/firstfloorstudiosWP\/verwaltungWP\/wp-content\/uploads\/2025\/08\/gal21-jeep-himmel-hochzeit-ebnat-aalen-heidenheim-1-300x191.jpg 300w, https:\/\/www.firstfloorstudios.de\/firstfloorstudiosWP\/verwaltungWP\/wp-content\/uploads\/2025\/08\/gal21-jeep-himmel-hochzeit-ebnat-aalen-heidenheim-1-1024x651.jpg 1024w, https:\/\/www.firstfloorstudios.de\/firstfloorstudiosWP\/verwaltungWP\/wp-content\/uploads\/2025\/08\/gal21-jeep-himmel-hochzeit-ebnat-aalen-heidenheim-1-768x488.jpg 768w, https:\/\/www.firstfloorstudios.de\/firstfloorstudiosWP\/verwaltungWP\/wp-content\/uploads\/2025\/08\/gal21-jeep-himmel-hochzeit-ebnat-aalen-heidenheim-1-79x50.jpg 79w, https:\/\/www.firstfloorstudios.de\/firstfloorstudiosWP\/verwaltungWP\/wp-content\/uploads\/2025\/08\/gal21-jeep-himmel-hochzeit-ebnat-aalen-heidenheim-1-650x413.jpg 650w, https:\/\/www.firstfloorstudios.de\/firstfloorstudiosWP\/verwaltungWP\/wp-content\/uploads\/2025\/08\/gal21-jeep-himmel-hochzeit-ebnat-aalen-heidenheim-1-1000x636.jpg 1000w, https:\/\/www.firstfloorstudios.de\/firstfloorstudiosWP\/verwaltungWP\/wp-content\/uploads\/2025\/08\/gal21-jeep-himmel-hochzeit-ebnat-aalen-heidenheim-1-50x32.jpg 50w\" title = \"gal21-jeep-himmel-hochzeit-ebnat-aalen-heidenheim\" \/><\/div><div class=\"thumb-overlay\"><div class=\"thumb-bg\" ><div class=\"thumb-title-wrap display-table-cell vertical-align-middle align-center fadeIn animated\"><\/div><\/div><\/div><\/a><\/div><div class=\"caption\"><\/div><\/div><div class=\"element be-hoverlay not-wide style1-hover c_to_c jg-entry-visible\"><div class=\"element-inner none-effect\"><a href=\"https:\/\/www.firstfloorstudios.de\/firstfloorstudiosWP\/verwaltungWP\/wp-content\/uploads\/2025\/08\/gal21-geislingen-steige-syrgenstein-zoeschingen.jpg\" data-size=\"1500x1656\" data-href=\"https:\/\/www.firstfloorstudios.de\/firstfloorstudiosWP\/verwaltungWP\/wp-content\/uploads\/2025\/08\/gal21-geislingen-steige-syrgenstein-zoeschingen.jpg\" class=\"thumb-wrap\" title=\"\"><div class=\"flip-img-wrap\"><img class = \"thumb-img\" height = \"1656\" width = \"1500\" srcset = \"https:\/\/www.firstfloorstudios.de\/firstfloorstudiosWP\/verwaltungWP\/wp-content\/uploads\/2025\/08\/gal21-geislingen-steige-syrgenstein-zoeschingen.jpg 1500w, https:\/\/www.firstfloorstudios.de\/firstfloorstudiosWP\/verwaltungWP\/wp-content\/uploads\/2025\/08\/gal21-geislingen-steige-syrgenstein-zoeschingen-272x300.jpg 272w, https:\/\/www.firstfloorstudios.de\/firstfloorstudiosWP\/verwaltungWP\/wp-content\/uploads\/2025\/08\/gal21-geislingen-steige-syrgenstein-zoeschingen-928x1024.jpg 928w, https:\/\/www.firstfloorstudios.de\/firstfloorstudiosWP\/verwaltungWP\/wp-content\/uploads\/2025\/08\/gal21-geislingen-steige-syrgenstein-zoeschingen-768x848.jpg 768w, https:\/\/www.firstfloorstudios.de\/firstfloorstudiosWP\/verwaltungWP\/wp-content\/uploads\/2025\/08\/gal21-geislingen-steige-syrgenstein-zoeschingen-1391x1536.jpg 1391w, https:\/\/www.firstfloorstudios.de\/firstfloorstudiosWP\/verwaltungWP\/wp-content\/uploads\/2025\/08\/gal21-geislingen-steige-syrgenstein-zoeschingen-45x50.jpg 45w, https:\/\/www.firstfloorstudios.de\/firstfloorstudiosWP\/verwaltungWP\/wp-content\/uploads\/2025\/08\/gal21-geislingen-steige-syrgenstein-zoeschingen-650x718.jpg 650w, https:\/\/www.firstfloorstudios.de\/firstfloorstudiosWP\/verwaltungWP\/wp-content\/uploads\/2025\/08\/gal21-geislingen-steige-syrgenstein-zoeschingen-1000x1104.jpg 1000w, https:\/\/www.firstfloorstudios.de\/firstfloorstudiosWP\/verwaltungWP\/wp-content\/uploads\/2025\/08\/gal21-geislingen-steige-syrgenstein-zoeschingen-50x55.jpg 50w\" title = \"gal21-geislingen-steige-syrgenstein-zoeschingen\" \/><\/div><div class=\"thumb-overlay\"><div class=\"thumb-bg\" ><div class=\"thumb-title-wrap display-table-cell vertical-align-middle align-center fadeIn animated\"><\/div><\/div><\/div><\/a><\/div><div class=\"caption\"><\/div><\/div><div class=\"element be-hoverlay not-wide style1-hover c_to_c jg-entry-visible\"><div class=\"element-inner none-effect\"><a href=\"https:\/\/www.firstfloorstudios.de\/firstfloorstudiosWP\/verwaltungWP\/wp-content\/uploads\/2025\/08\/gal21-nacht-und-nebel-gmuend-lorch-schorndorf.jpg\" data-size=\"1500x1000\" data-href=\"https:\/\/www.firstfloorstudios.de\/firstfloorstudiosWP\/verwaltungWP\/wp-content\/uploads\/2025\/08\/gal21-nacht-und-nebel-gmuend-lorch-schorndorf.jpg\" class=\"thumb-wrap\" title=\"\"><div class=\"flip-img-wrap\"><img class = \"thumb-img\" height = \"1000\" width = \"1500\" srcset = \"https:\/\/www.firstfloorstudios.de\/firstfloorstudiosWP\/verwaltungWP\/wp-content\/uploads\/2025\/08\/gal21-nacht-und-nebel-gmuend-lorch-schorndorf.jpg 1500w, https:\/\/www.firstfloorstudios.de\/firstfloorstudiosWP\/verwaltungWP\/wp-content\/uploads\/2025\/08\/gal21-nacht-und-nebel-gmuend-lorch-schorndorf-300x200.jpg 300w, https:\/\/www.firstfloorstudios.de\/firstfloorstudiosWP\/verwaltungWP\/wp-content\/uploads\/2025\/08\/gal21-nacht-und-nebel-gmuend-lorch-schorndorf-1024x683.jpg 1024w, https:\/\/www.firstfloorstudios.de\/firstfloorstudiosWP\/verwaltungWP\/wp-content\/uploads\/2025\/08\/gal21-nacht-und-nebel-gmuend-lorch-schorndorf-768x512.jpg 768w, https:\/\/www.firstfloorstudios.de\/firstfloorstudiosWP\/verwaltungWP\/wp-content\/uploads\/2025\/08\/gal21-nacht-und-nebel-gmuend-lorch-schorndorf-75x50.jpg 75w, https:\/\/www.firstfloorstudios.de\/firstfloorstudiosWP\/verwaltungWP\/wp-content\/uploads\/2025\/08\/gal21-nacht-und-nebel-gmuend-lorch-schorndorf-650x433.jpg 650w, https:\/\/www.firstfloorstudios.de\/firstfloorstudiosWP\/verwaltungWP\/wp-content\/uploads\/2025\/08\/gal21-nacht-und-nebel-gmuend-lorch-schorndorf-1000x667.jpg 1000w, https:\/\/www.firstfloorstudios.de\/firstfloorstudiosWP\/verwaltungWP\/wp-content\/uploads\/2025\/08\/gal21-nacht-und-nebel-gmuend-lorch-schorndorf-50x33.jpg 50w\" title = \"gal21-nacht-und-nebel-gmuend-lorch-schorndorf\" \/><\/div><div class=\"thumb-overlay\"><div class=\"thumb-bg\" ><div class=\"thumb-title-wrap display-table-cell vertical-align-middle align-center fadeIn animated\"><\/div><\/div><\/div><\/a><\/div><div class=\"caption\"><\/div><\/div><div class=\"element be-hoverlay not-wide style1-hover c_to_c jg-entry-visible\"><div class=\"element-inner none-effect\"><a href=\"https:\/\/www.firstfloorstudios.de\/firstfloorstudiosWP\/verwaltungWP\/wp-content\/uploads\/2025\/08\/gal21-kinder-bekommen-haus-bauen.jpg\" data-size=\"1189x1500\" data-href=\"https:\/\/www.firstfloorstudios.de\/firstfloorstudiosWP\/verwaltungWP\/wp-content\/uploads\/2025\/08\/gal21-kinder-bekommen-haus-bauen.jpg\" class=\"thumb-wrap\" title=\"\"><div class=\"flip-img-wrap\"><img class = \"thumb-img\" height = \"1500\" width = \"1189\" srcset = \"https:\/\/www.firstfloorstudios.de\/firstfloorstudiosWP\/verwaltungWP\/wp-content\/uploads\/2025\/08\/gal21-kinder-bekommen-haus-bauen.jpg 1189w, https:\/\/www.firstfloorstudios.de\/firstfloorstudiosWP\/verwaltungWP\/wp-content\/uploads\/2025\/08\/gal21-kinder-bekommen-haus-bauen-238x300.jpg 238w, https:\/\/www.firstfloorstudios.de\/firstfloorstudiosWP\/verwaltungWP\/wp-content\/uploads\/2025\/08\/gal21-kinder-bekommen-haus-bauen-812x1024.jpg 812w, https:\/\/www.firstfloorstudios.de\/firstfloorstudiosWP\/verwaltungWP\/wp-content\/uploads\/2025\/08\/gal21-kinder-bekommen-haus-bauen-768x969.jpg 768w, https:\/\/www.firstfloorstudios.de\/firstfloorstudiosWP\/verwaltungWP\/wp-content\/uploads\/2025\/08\/gal21-kinder-bekommen-haus-bauen-40x50.jpg 40w, https:\/\/www.firstfloorstudios.de\/firstfloorstudiosWP\/verwaltungWP\/wp-content\/uploads\/2025\/08\/gal21-kinder-bekommen-haus-bauen-650x820.jpg 650w, https:\/\/www.firstfloorstudios.de\/firstfloorstudiosWP\/verwaltungWP\/wp-content\/uploads\/2025\/08\/gal21-kinder-bekommen-haus-bauen-1000x1262.jpg 1000w, https:\/\/www.firstfloorstudios.de\/firstfloorstudiosWP\/verwaltungWP\/wp-content\/uploads\/2025\/08\/gal21-kinder-bekommen-haus-bauen-50x63.jpg 50w\" title = \"gal21-kinder-bekommen-haus-bauen\" \/><\/div><div class=\"thumb-overlay\"><div class=\"thumb-bg\" ><div class=\"thumb-title-wrap display-table-cell vertical-align-middle align-center fadeIn animated\"><\/div><\/div><\/div><\/a><\/div><div class=\"caption\"><\/div><\/div><div class=\"element be-hoverlay not-wide style1-hover c_to_c jg-entry-visible\"><div class=\"element-inner none-effect\"><a href=\"https:\/\/www.firstfloorstudios.de\/firstfloorstudiosWP\/verwaltungWP\/wp-content\/uploads\/2025\/08\/gal21-hochzeit-flugplatz-airport-reiche-hochzeit.jpg\" data-size=\"1500x1000\" data-href=\"https:\/\/www.firstfloorstudios.de\/firstfloorstudiosWP\/verwaltungWP\/wp-content\/uploads\/2025\/08\/gal21-hochzeit-flugplatz-airport-reiche-hochzeit.jpg\" class=\"thumb-wrap\" title=\"\"><div class=\"flip-img-wrap\"><img class = \"thumb-img\" height = \"1000\" width = \"1500\" srcset = \"https:\/\/www.firstfloorstudios.de\/firstfloorstudiosWP\/verwaltungWP\/wp-content\/uploads\/2025\/08\/gal21-hochzeit-flugplatz-airport-reiche-hochzeit.jpg 1500w, https:\/\/www.firstfloorstudios.de\/firstfloorstudiosWP\/verwaltungWP\/wp-content\/uploads\/2025\/08\/gal21-hochzeit-flugplatz-airport-reiche-hochzeit-300x200.jpg 300w, https:\/\/www.firstfloorstudios.de\/firstfloorstudiosWP\/verwaltungWP\/wp-content\/uploads\/2025\/08\/gal21-hochzeit-flugplatz-airport-reiche-hochzeit-1024x683.jpg 1024w, https:\/\/www.firstfloorstudios.de\/firstfloorstudiosWP\/verwaltungWP\/wp-content\/uploads\/2025\/08\/gal21-hochzeit-flugplatz-airport-reiche-hochzeit-768x512.jpg 768w, https:\/\/www.firstfloorstudios.de\/firstfloorstudiosWP\/verwaltungWP\/wp-content\/uploads\/2025\/08\/gal21-hochzeit-flugplatz-airport-reiche-hochzeit-75x50.jpg 75w, https:\/\/www.firstfloorstudios.de\/firstfloorstudiosWP\/verwaltungWP\/wp-content\/uploads\/2025\/08\/gal21-hochzeit-flugplatz-airport-reiche-hochzeit-650x433.jpg 650w, https:\/\/www.firstfloorstudios.de\/firstfloorstudiosWP\/verwaltungWP\/wp-content\/uploads\/2025\/08\/gal21-hochzeit-flugplatz-airport-reiche-hochzeit-1000x667.jpg 1000w, https:\/\/www.firstfloorstudios.de\/firstfloorstudiosWP\/verwaltungWP\/wp-content\/uploads\/2025\/08\/gal21-hochzeit-flugplatz-airport-reiche-hochzeit-50x33.jpg 50w\" title = \"gal21-hochzeit-flugplatz-airport-reiche-hochzeit\" \/><\/div><div class=\"thumb-overlay\"><div class=\"thumb-bg\" ><div class=\"thumb-title-wrap display-table-cell vertical-align-middle align-center fadeIn animated\"><\/div><\/div><\/div><\/a><\/div><div class=\"caption\"><\/div><\/div><div class=\"element be-hoverlay not-wide style1-hover c_to_c jg-entry-visible\"><div class=\"element-inner none-effect\"><a href=\"https:\/\/www.firstfloorstudios.de\/firstfloorstudiosWP\/verwaltungWP\/wp-content\/uploads\/2025\/06\/gal21-hote-remspark-villa-stuetzel-hirzel.jpg\" data-size=\"1001x1500\" data-href=\"https:\/\/www.firstfloorstudios.de\/firstfloorstudiosWP\/verwaltungWP\/wp-content\/uploads\/2025\/06\/gal21-hote-remspark-villa-stuetzel-hirzel.jpg\" class=\"thumb-wrap\" title=\"\"><div class=\"flip-img-wrap\"><img class = \"thumb-img\" height = \"1500\" width = \"1001\" srcset = \"https:\/\/www.firstfloorstudios.de\/firstfloorstudiosWP\/verwaltungWP\/wp-content\/uploads\/2025\/06\/gal21-hote-remspark-villa-stuetzel-hirzel.jpg 1001w, https:\/\/www.firstfloorstudios.de\/firstfloorstudiosWP\/verwaltungWP\/wp-content\/uploads\/2025\/06\/gal21-hote-remspark-villa-stuetzel-hirzel-200x300.jpg 200w, https:\/\/www.firstfloorstudios.de\/firstfloorstudiosWP\/verwaltungWP\/wp-content\/uploads\/2025\/06\/gal21-hote-remspark-villa-stuetzel-hirzel-683x1024.jpg 683w, https:\/\/www.firstfloorstudios.de\/firstfloorstudiosWP\/verwaltungWP\/wp-content\/uploads\/2025\/06\/gal21-hote-remspark-villa-stuetzel-hirzel-768x1151.jpg 768w, https:\/\/www.firstfloorstudios.de\/firstfloorstudiosWP\/verwaltungWP\/wp-content\/uploads\/2025\/06\/gal21-hote-remspark-villa-stuetzel-hirzel-33x50.jpg 33w, https:\/\/www.firstfloorstudios.de\/firstfloorstudiosWP\/verwaltungWP\/wp-content\/uploads\/2025\/06\/gal21-hote-remspark-villa-stuetzel-hirzel-650x974.jpg 650w, https:\/\/www.firstfloorstudios.de\/firstfloorstudiosWP\/verwaltungWP\/wp-content\/uploads\/2025\/06\/gal21-hote-remspark-villa-stuetzel-hirzel-50x75.jpg 50w\" title = \"gal21-hote-remspark-villa-stuetzel-hirzel\" \/><\/div><div class=\"thumb-overlay\"><div class=\"thumb-bg\" ><div class=\"thumb-title-wrap display-table-cell vertical-align-middle align-center fadeIn animated\"><\/div><\/div><\/div><\/a><\/div><div class=\"caption\"><\/div><\/div><div class=\"element be-hoverlay not-wide style1-hover c_to_c jg-entry-visible\"><div class=\"element-inner none-effect\"><a href=\"https:\/\/www.firstfloorstudios.de\/firstfloorstudiosWP\/verwaltungWP\/wp-content\/uploads\/2025\/06\/gal21-ivory-blush-linie-prinzessin.jpg\" data-size=\"1500x1000\" data-href=\"https:\/\/www.firstfloorstudios.de\/firstfloorstudiosWP\/verwaltungWP\/wp-content\/uploads\/2025\/06\/gal21-ivory-blush-linie-prinzessin.jpg\" class=\"thumb-wrap\" title=\"\"><div class=\"flip-img-wrap\"><img class = \"thumb-img\" height = \"1000\" width = \"1500\" srcset = \"https:\/\/www.firstfloorstudios.de\/firstfloorstudiosWP\/verwaltungWP\/wp-content\/uploads\/2025\/06\/gal21-ivory-blush-linie-prinzessin.jpg 1500w, https:\/\/www.firstfloorstudios.de\/firstfloorstudiosWP\/verwaltungWP\/wp-content\/uploads\/2025\/06\/gal21-ivory-blush-linie-prinzessin-300x200.jpg 300w, https:\/\/www.firstfloorstudios.de\/firstfloorstudiosWP\/verwaltungWP\/wp-content\/uploads\/2025\/06\/gal21-ivory-blush-linie-prinzessin-1024x683.jpg 1024w, https:\/\/www.firstfloorstudios.de\/firstfloorstudiosWP\/verwaltungWP\/wp-content\/uploads\/2025\/06\/gal21-ivory-blush-linie-prinzessin-768x512.jpg 768w, https:\/\/www.firstfloorstudios.de\/firstfloorstudiosWP\/verwaltungWP\/wp-content\/uploads\/2025\/06\/gal21-ivory-blush-linie-prinzessin-75x50.jpg 75w, https:\/\/www.firstfloorstudios.de\/firstfloorstudiosWP\/verwaltungWP\/wp-content\/uploads\/2025\/06\/gal21-ivory-blush-linie-prinzessin-650x433.jpg 650w, https:\/\/www.firstfloorstudios.de\/firstfloorstudiosWP\/verwaltungWP\/wp-content\/uploads\/2025\/06\/gal21-ivory-blush-linie-prinzessin-1000x667.jpg 1000w, https:\/\/www.firstfloorstudios.de\/firstfloorstudiosWP\/verwaltungWP\/wp-content\/uploads\/2025\/06\/gal21-ivory-blush-linie-prinzessin-50x33.jpg 50w\" title = \"gal21-ivory-blush-linie-prinzessin\" \/><\/div><div class=\"thumb-overlay\"><div class=\"thumb-bg\" ><div class=\"thumb-title-wrap display-table-cell vertical-align-middle align-center fadeIn animated\"><\/div><\/div><\/div><\/a><\/div><div class=\"caption\"><\/div><\/div><div class=\"element be-hoverlay not-wide style1-hover c_to_c jg-entry-visible\"><div class=\"element-inner none-effect\"><a href=\"https:\/\/www.firstfloorstudios.de\/firstfloorstudiosWP\/verwaltungWP\/wp-content\/uploads\/2025\/08\/foto_wedding.jpg\" data-size=\"1300x883\" data-href=\"https:\/\/www.firstfloorstudios.de\/firstfloorstudiosWP\/verwaltungWP\/wp-content\/uploads\/2025\/08\/foto_wedding.jpg\" class=\"thumb-wrap\" title=\"\"><div class=\"flip-img-wrap\"><img class = \"thumb-img\" height = \"883\" width = \"1300\" srcset = \"https:\/\/www.firstfloorstudios.de\/firstfloorstudiosWP\/verwaltungWP\/wp-content\/uploads\/2025\/08\/foto_wedding.jpg 1300w, https:\/\/www.firstfloorstudios.de\/firstfloorstudiosWP\/verwaltungWP\/wp-content\/uploads\/2025\/08\/foto_wedding-300x204.jpg 300w, https:\/\/www.firstfloorstudios.de\/firstfloorstudiosWP\/verwaltungWP\/wp-content\/uploads\/2025\/08\/foto_wedding-1024x696.jpg 1024w, https:\/\/www.firstfloorstudios.de\/firstfloorstudiosWP\/verwaltungWP\/wp-content\/uploads\/2025\/08\/foto_wedding-768x522.jpg 768w, https:\/\/www.firstfloorstudios.de\/firstfloorstudiosWP\/verwaltungWP\/wp-content\/uploads\/2025\/08\/foto_wedding-74x50.jpg 74w, https:\/\/www.firstfloorstudios.de\/firstfloorstudiosWP\/verwaltungWP\/wp-content\/uploads\/2025\/08\/foto_wedding-650x442.jpg 650w, https:\/\/www.firstfloorstudios.de\/firstfloorstudiosWP\/verwaltungWP\/wp-content\/uploads\/2025\/08\/foto_wedding-1000x679.jpg 1000w, https:\/\/www.firstfloorstudios.de\/firstfloorstudiosWP\/verwaltungWP\/wp-content\/uploads\/2025\/08\/foto_wedding-50x34.jpg 50w\" title = \"foto_wedding\" \/><\/div><div class=\"thumb-overlay\"><div class=\"thumb-bg\" ><div class=\"thumb-title-wrap display-table-cell vertical-align-middle align-center fadeIn animated\"><\/div><\/div><\/div><\/a><\/div><div class=\"caption\"><\/div><\/div><div class=\"element be-hoverlay not-wide style1-hover c_to_c jg-entry-visible\"><div class=\"element-inner none-effect\"><a href=\"https:\/\/www.firstfloorstudios.de\/firstfloorstudiosWP\/verwaltungWP\/wp-content\/uploads\/2025\/06\/gal21-buffet-kaffe-kuchen-warm-kalt-wetter.jpg\" data-size=\"1500x1422\" data-href=\"https:\/\/www.firstfloorstudios.de\/firstfloorstudiosWP\/verwaltungWP\/wp-content\/uploads\/2025\/06\/gal21-buffet-kaffe-kuchen-warm-kalt-wetter.jpg\" class=\"thumb-wrap\" title=\"\"><div class=\"flip-img-wrap\"><img class = \"thumb-img\" height = \"1422\" width = \"1500\" srcset = \"https:\/\/www.firstfloorstudios.de\/firstfloorstudiosWP\/verwaltungWP\/wp-content\/uploads\/2025\/06\/gal21-buffet-kaffe-kuchen-warm-kalt-wetter.jpg 1500w, https:\/\/www.firstfloorstudios.de\/firstfloorstudiosWP\/verwaltungWP\/wp-content\/uploads\/2025\/06\/gal21-buffet-kaffe-kuchen-warm-kalt-wetter-300x284.jpg 300w, https:\/\/www.firstfloorstudios.de\/firstfloorstudiosWP\/verwaltungWP\/wp-content\/uploads\/2025\/06\/gal21-buffet-kaffe-kuchen-warm-kalt-wetter-1024x971.jpg 1024w, https:\/\/www.firstfloorstudios.de\/firstfloorstudiosWP\/verwaltungWP\/wp-content\/uploads\/2025\/06\/gal21-buffet-kaffe-kuchen-warm-kalt-wetter-768x728.jpg 768w, https:\/\/www.firstfloorstudios.de\/firstfloorstudiosWP\/verwaltungWP\/wp-content\/uploads\/2025\/06\/gal21-buffet-kaffe-kuchen-warm-kalt-wetter-53x50.jpg 53w, https:\/\/www.firstfloorstudios.de\/firstfloorstudiosWP\/verwaltungWP\/wp-content\/uploads\/2025\/06\/gal21-buffet-kaffe-kuchen-warm-kalt-wetter-650x616.jpg 650w, https:\/\/www.firstfloorstudios.de\/firstfloorstudiosWP\/verwaltungWP\/wp-content\/uploads\/2025\/06\/gal21-buffet-kaffe-kuchen-warm-kalt-wetter-1000x948.jpg 1000w, https:\/\/www.firstfloorstudios.de\/firstfloorstudiosWP\/verwaltungWP\/wp-content\/uploads\/2025\/06\/gal21-buffet-kaffe-kuchen-warm-kalt-wetter-50x47.jpg 50w\" title = \"gal21-buffet-kaffe-kuchen-warm-kalt-wetter\" \/><\/div><div class=\"thumb-overlay\"><div class=\"thumb-bg\" ><div class=\"thumb-title-wrap display-table-cell vertical-align-middle align-center fadeIn animated\"><\/div><\/div><\/div><\/a><\/div><div class=\"caption\"><\/div><\/div><div class=\"element be-hoverlay not-wide style1-hover c_to_c jg-entry-visible\"><div class=\"element-inner none-effect\"><a href=\"https:\/\/www.firstfloorstudios.de\/firstfloorstudiosWP\/verwaltungWP\/wp-content\/uploads\/2025\/05\/juwelier-tantal-granit-seidenmatt-deep-glanz-brilliant-carbon-titan-wellen-welle-gratis-guenstig.jpg\" data-size=\"1413x1500\" data-href=\"https:\/\/www.firstfloorstudios.de\/firstfloorstudiosWP\/verwaltungWP\/wp-content\/uploads\/2025\/05\/juwelier-tantal-granit-seidenmatt-deep-glanz-brilliant-carbon-titan-wellen-welle-gratis-guenstig.jpg\" class=\"thumb-wrap\" title=\"\"><div class=\"flip-img-wrap\"><img class = \"thumb-img\" height = \"1500\" width = \"1413\" srcset = \"https:\/\/www.firstfloorstudios.de\/firstfloorstudiosWP\/verwaltungWP\/wp-content\/uploads\/2025\/05\/juwelier-tantal-granit-seidenmatt-deep-glanz-brilliant-carbon-titan-wellen-welle-gratis-guenstig.jpg 1413w, https:\/\/www.firstfloorstudios.de\/firstfloorstudiosWP\/verwaltungWP\/wp-content\/uploads\/2025\/05\/juwelier-tantal-granit-seidenmatt-deep-glanz-brilliant-carbon-titan-wellen-welle-gratis-guenstig-283x300.jpg 283w, https:\/\/www.firstfloorstudios.de\/firstfloorstudiosWP\/verwaltungWP\/wp-content\/uploads\/2025\/05\/juwelier-tantal-granit-seidenmatt-deep-glanz-brilliant-carbon-titan-wellen-welle-gratis-guenstig-965x1024.jpg 965w, https:\/\/www.firstfloorstudios.de\/firstfloorstudiosWP\/verwaltungWP\/wp-content\/uploads\/2025\/05\/juwelier-tantal-granit-seidenmatt-deep-glanz-brilliant-carbon-titan-wellen-welle-gratis-guenstig-768x815.jpg 768w, https:\/\/www.firstfloorstudios.de\/firstfloorstudiosWP\/verwaltungWP\/wp-content\/uploads\/2025\/05\/juwelier-tantal-granit-seidenmatt-deep-glanz-brilliant-carbon-titan-wellen-welle-gratis-guenstig-47x50.jpg 47w, https:\/\/www.firstfloorstudios.de\/firstfloorstudiosWP\/verwaltungWP\/wp-content\/uploads\/2025\/05\/juwelier-tantal-granit-seidenmatt-deep-glanz-brilliant-carbon-titan-wellen-welle-gratis-guenstig-650x690.jpg 650w, https:\/\/www.firstfloorstudios.de\/firstfloorstudiosWP\/verwaltungWP\/wp-content\/uploads\/2025\/05\/juwelier-tantal-granit-seidenmatt-deep-glanz-brilliant-carbon-titan-wellen-welle-gratis-guenstig-1000x1062.jpg 1000w, https:\/\/www.firstfloorstudios.de\/firstfloorstudiosWP\/verwaltungWP\/wp-content\/uploads\/2025\/05\/juwelier-tantal-granit-seidenmatt-deep-glanz-brilliant-carbon-titan-wellen-welle-gratis-guenstig-50x53.jpg 50w\" title = \"juwelier-tantal-granit-seidenmatt-deep-glanz-brilliant-carbon-titan-wellen-welle-gratis-guenstig\" \/><\/div><div class=\"thumb-overlay\"><div class=\"thumb-bg\" ><div class=\"thumb-title-wrap display-table-cell vertical-align-middle align-center fadeIn animated\"><\/div><\/div><\/div><\/a><\/div><div class=\"caption\"><\/div><\/div><div class=\"element be-hoverlay not-wide style1-hover c_to_c jg-entry-visible\"><div class=\"element-inner none-effect\"><a href=\"https:\/\/www.firstfloorstudios.de\/firstfloorstudiosWP\/verwaltungWP\/wp-content\/uploads\/2025\/06\/gal21-drone-aufnahmen-gruppen-fotos-foto-box-heuchlingen.jpg\" data-size=\"1480x1500\" data-href=\"https:\/\/www.firstfloorstudios.de\/firstfloorstudiosWP\/verwaltungWP\/wp-content\/uploads\/2025\/06\/gal21-drone-aufnahmen-gruppen-fotos-foto-box-heuchlingen.jpg\" class=\"thumb-wrap\" title=\"\"><div class=\"flip-img-wrap\"><img class = \"thumb-img\" height = \"1500\" width = \"1480\" srcset = \"https:\/\/www.firstfloorstudios.de\/firstfloorstudiosWP\/verwaltungWP\/wp-content\/uploads\/2025\/06\/gal21-drone-aufnahmen-gruppen-fotos-foto-box-heuchlingen.jpg 1480w, https:\/\/www.firstfloorstudios.de\/firstfloorstudiosWP\/verwaltungWP\/wp-content\/uploads\/2025\/06\/gal21-drone-aufnahmen-gruppen-fotos-foto-box-heuchlingen-296x300.jpg 296w, https:\/\/www.firstfloorstudios.de\/firstfloorstudiosWP\/verwaltungWP\/wp-content\/uploads\/2025\/06\/gal21-drone-aufnahmen-gruppen-fotos-foto-box-heuchlingen-1010x1024.jpg 1010w, https:\/\/www.firstfloorstudios.de\/firstfloorstudiosWP\/verwaltungWP\/wp-content\/uploads\/2025\/06\/gal21-drone-aufnahmen-gruppen-fotos-foto-box-heuchlingen-768x778.jpg 768w, https:\/\/www.firstfloorstudios.de\/firstfloorstudiosWP\/verwaltungWP\/wp-content\/uploads\/2025\/06\/gal21-drone-aufnahmen-gruppen-fotos-foto-box-heuchlingen-49x50.jpg 49w, https:\/\/www.firstfloorstudios.de\/firstfloorstudiosWP\/verwaltungWP\/wp-content\/uploads\/2025\/06\/gal21-drone-aufnahmen-gruppen-fotos-foto-box-heuchlingen-650x659.jpg 650w, https:\/\/www.firstfloorstudios.de\/firstfloorstudiosWP\/verwaltungWP\/wp-content\/uploads\/2025\/06\/gal21-drone-aufnahmen-gruppen-fotos-foto-box-heuchlingen-1000x1014.jpg 1000w, https:\/\/www.firstfloorstudios.de\/firstfloorstudiosWP\/verwaltungWP\/wp-content\/uploads\/2025\/06\/gal21-drone-aufnahmen-gruppen-fotos-foto-box-heuchlingen-50x51.jpg 50w\" title = \"gal21-drone-aufnahmen-gruppen-fotos-foto-box-heuchlingen\" \/><\/div><div class=\"thumb-overlay\"><div class=\"thumb-bg\" ><div class=\"thumb-title-wrap display-table-cell vertical-align-middle align-center fadeIn animated\"><\/div><\/div><\/div><\/a><\/div><div class=\"caption\"><\/div><\/div><div class=\"element be-hoverlay not-wide style1-hover c_to_c jg-entry-visible\"><div class=\"element-inner none-effect\"><a href=\"https:\/\/www.firstfloorstudios.de\/firstfloorstudiosWP\/verwaltungWP\/wp-content\/uploads\/2025\/06\/gal21-dankes-karten-bedanken-geschenke-geld.jpg\" data-size=\"1500x1079\" data-href=\"https:\/\/www.firstfloorstudios.de\/firstfloorstudiosWP\/verwaltungWP\/wp-content\/uploads\/2025\/06\/gal21-dankes-karten-bedanken-geschenke-geld.jpg\" class=\"thumb-wrap\" title=\"\"><div class=\"flip-img-wrap\"><img class = \"thumb-img\" height = \"1079\" width = \"1500\" srcset = \"https:\/\/www.firstfloorstudios.de\/firstfloorstudiosWP\/verwaltungWP\/wp-content\/uploads\/2025\/06\/gal21-dankes-karten-bedanken-geschenke-geld.jpg 1500w, https:\/\/www.firstfloorstudios.de\/firstfloorstudiosWP\/verwaltungWP\/wp-content\/uploads\/2025\/06\/gal21-dankes-karten-bedanken-geschenke-geld-300x216.jpg 300w, https:\/\/www.firstfloorstudios.de\/firstfloorstudiosWP\/verwaltungWP\/wp-content\/uploads\/2025\/06\/gal21-dankes-karten-bedanken-geschenke-geld-1024x737.jpg 1024w, https:\/\/www.firstfloorstudios.de\/firstfloorstudiosWP\/verwaltungWP\/wp-content\/uploads\/2025\/06\/gal21-dankes-karten-bedanken-geschenke-geld-768x552.jpg 768w, https:\/\/www.firstfloorstudios.de\/firstfloorstudiosWP\/verwaltungWP\/wp-content\/uploads\/2025\/06\/gal21-dankes-karten-bedanken-geschenke-geld-70x50.jpg 70w, https:\/\/www.firstfloorstudios.de\/firstfloorstudiosWP\/verwaltungWP\/wp-content\/uploads\/2025\/06\/gal21-dankes-karten-bedanken-geschenke-geld-650x468.jpg 650w, https:\/\/www.firstfloorstudios.de\/firstfloorstudiosWP\/verwaltungWP\/wp-content\/uploads\/2025\/06\/gal21-dankes-karten-bedanken-geschenke-geld-1000x719.jpg 1000w, https:\/\/www.firstfloorstudios.de\/firstfloorstudiosWP\/verwaltungWP\/wp-content\/uploads\/2025\/06\/gal21-dankes-karten-bedanken-geschenke-geld-50x36.jpg 50w\" title = \"gal21-dankes-karten-bedanken-geschenke-geld\" \/><\/div><div class=\"thumb-overlay\"><div class=\"thumb-bg\" ><div class=\"thumb-title-wrap display-table-cell vertical-align-middle align-center fadeIn animated\"><\/div><\/div><\/div><\/a><\/div><div class=\"caption\"><\/div><\/div><div class=\"element be-hoverlay not-wide style1-hover c_to_c jg-entry-visible\"><div class=\"element-inner none-effect\"><a href=\"https:\/\/www.firstfloorstudios.de\/firstfloorstudiosWP\/verwaltungWP\/wp-content\/uploads\/2025\/08\/gal21-donauwoerth-heubach-mutlangen-zang-ries-noerdlingen-1.jpg\" data-size=\"1500x1000\" data-href=\"https:\/\/www.firstfloorstudios.de\/firstfloorstudiosWP\/verwaltungWP\/wp-content\/uploads\/2025\/08\/gal21-donauwoerth-heubach-mutlangen-zang-ries-noerdlingen-1.jpg\" class=\"thumb-wrap\" title=\"\"><div class=\"flip-img-wrap\"><img class = \"thumb-img\" height = \"1000\" width = \"1500\" srcset = \"https:\/\/www.firstfloorstudios.de\/firstfloorstudiosWP\/verwaltungWP\/wp-content\/uploads\/2025\/08\/gal21-donauwoerth-heubach-mutlangen-zang-ries-noerdlingen-1.jpg 1500w, https:\/\/www.firstfloorstudios.de\/firstfloorstudiosWP\/verwaltungWP\/wp-content\/uploads\/2025\/08\/gal21-donauwoerth-heubach-mutlangen-zang-ries-noerdlingen-1-300x200.jpg 300w, https:\/\/www.firstfloorstudios.de\/firstfloorstudiosWP\/verwaltungWP\/wp-content\/uploads\/2025\/08\/gal21-donauwoerth-heubach-mutlangen-zang-ries-noerdlingen-1-1024x683.jpg 1024w, https:\/\/www.firstfloorstudios.de\/firstfloorstudiosWP\/verwaltungWP\/wp-content\/uploads\/2025\/08\/gal21-donauwoerth-heubach-mutlangen-zang-ries-noerdlingen-1-768x512.jpg 768w, https:\/\/www.firstfloorstudios.de\/firstfloorstudiosWP\/verwaltungWP\/wp-content\/uploads\/2025\/08\/gal21-donauwoerth-heubach-mutlangen-zang-ries-noerdlingen-1-75x50.jpg 75w, https:\/\/www.firstfloorstudios.de\/firstfloorstudiosWP\/verwaltungWP\/wp-content\/uploads\/2025\/08\/gal21-donauwoerth-heubach-mutlangen-zang-ries-noerdlingen-1-650x433.jpg 650w, https:\/\/www.firstfloorstudios.de\/firstfloorstudiosWP\/verwaltungWP\/wp-content\/uploads\/2025\/08\/gal21-donauwoerth-heubach-mutlangen-zang-ries-noerdlingen-1-1000x667.jpg 1000w, https:\/\/www.firstfloorstudios.de\/firstfloorstudiosWP\/verwaltungWP\/wp-content\/uploads\/2025\/08\/gal21-donauwoerth-heubach-mutlangen-zang-ries-noerdlingen-1-50x33.jpg 50w\" title = \"gal21-donauwoerth-heubach-mutlangen-zang-ries-noerdlingen\" \/><\/div><div class=\"thumb-overlay\"><div class=\"thumb-bg\" ><div class=\"thumb-title-wrap display-table-cell vertical-align-middle align-center fadeIn animated\"><\/div><\/div><\/div><\/a><\/div><div class=\"caption\"><\/div><\/div><div class=\"element be-hoverlay not-wide style1-hover c_to_c jg-entry-visible\"><div class=\"element-inner none-effect\"><a href=\"https:\/\/www.firstfloorstudios.de\/firstfloorstudiosWP\/verwaltungWP\/wp-content\/uploads\/2025\/08\/gal21-kirche-lebendig-neu-anders.jpg\" data-size=\"1500x1605\" data-href=\"https:\/\/www.firstfloorstudios.de\/firstfloorstudiosWP\/verwaltungWP\/wp-content\/uploads\/2025\/08\/gal21-kirche-lebendig-neu-anders.jpg\" class=\"thumb-wrap\" title=\"\"><div class=\"flip-img-wrap\"><img class = \"thumb-img\" height = \"1605\" width = \"1500\" srcset = \"https:\/\/www.firstfloorstudios.de\/firstfloorstudiosWP\/verwaltungWP\/wp-content\/uploads\/2025\/08\/gal21-kirche-lebendig-neu-anders.jpg 1500w, https:\/\/www.firstfloorstudios.de\/firstfloorstudiosWP\/verwaltungWP\/wp-content\/uploads\/2025\/08\/gal21-kirche-lebendig-neu-anders-280x300.jpg 280w, https:\/\/www.firstfloorstudios.de\/firstfloorstudiosWP\/verwaltungWP\/wp-content\/uploads\/2025\/08\/gal21-kirche-lebendig-neu-anders-957x1024.jpg 957w, https:\/\/www.firstfloorstudios.de\/firstfloorstudiosWP\/verwaltungWP\/wp-content\/uploads\/2025\/08\/gal21-kirche-lebendig-neu-anders-768x822.jpg 768w, https:\/\/www.firstfloorstudios.de\/firstfloorstudiosWP\/verwaltungWP\/wp-content\/uploads\/2025\/08\/gal21-kirche-lebendig-neu-anders-1436x1536.jpg 1436w, https:\/\/www.firstfloorstudios.de\/firstfloorstudiosWP\/verwaltungWP\/wp-content\/uploads\/2025\/08\/gal21-kirche-lebendig-neu-anders-47x50.jpg 47w, https:\/\/www.firstfloorstudios.de\/firstfloorstudiosWP\/verwaltungWP\/wp-content\/uploads\/2025\/08\/gal21-kirche-lebendig-neu-anders-650x696.jpg 650w, https:\/\/www.firstfloorstudios.de\/firstfloorstudiosWP\/verwaltungWP\/wp-content\/uploads\/2025\/08\/gal21-kirche-lebendig-neu-anders-1000x1070.jpg 1000w, https:\/\/www.firstfloorstudios.de\/firstfloorstudiosWP\/verwaltungWP\/wp-content\/uploads\/2025\/08\/gal21-kirche-lebendig-neu-anders-50x54.jpg 50w\" title = \"gal21-kirche-lebendig-neu-anders\" \/><\/div><div class=\"thumb-overlay\"><div class=\"thumb-bg\" ><div class=\"thumb-title-wrap display-table-cell vertical-align-middle align-center fadeIn animated\"><\/div><\/div><\/div><\/a><\/div><div class=\"caption\"><\/div><\/div><div class=\"element be-hoverlay not-wide style1-hover c_to_c jg-entry-visible\"><div class=\"element-inner none-effect\"><a href=\"https:\/\/www.firstfloorstudios.de\/firstfloorstudiosWP\/verwaltungWP\/wp-content\/uploads\/2025\/06\/gal21-koenigsbronn-zang-loewen-adler-hirsch.jpg\" data-size=\"1500x1109\" data-href=\"https:\/\/www.firstfloorstudios.de\/firstfloorstudiosWP\/verwaltungWP\/wp-content\/uploads\/2025\/06\/gal21-koenigsbronn-zang-loewen-adler-hirsch.jpg\" class=\"thumb-wrap\" title=\"\"><div class=\"flip-img-wrap\"><img class = \"thumb-img\" height = \"1109\" width = \"1500\" srcset = \"https:\/\/www.firstfloorstudios.de\/firstfloorstudiosWP\/verwaltungWP\/wp-content\/uploads\/2025\/06\/gal21-koenigsbronn-zang-loewen-adler-hirsch.jpg 1500w, https:\/\/www.firstfloorstudios.de\/firstfloorstudiosWP\/verwaltungWP\/wp-content\/uploads\/2025\/06\/gal21-koenigsbronn-zang-loewen-adler-hirsch-300x222.jpg 300w, https:\/\/www.firstfloorstudios.de\/firstfloorstudiosWP\/verwaltungWP\/wp-content\/uploads\/2025\/06\/gal21-koenigsbronn-zang-loewen-adler-hirsch-1024x757.jpg 1024w, https:\/\/www.firstfloorstudios.de\/firstfloorstudiosWP\/verwaltungWP\/wp-content\/uploads\/2025\/06\/gal21-koenigsbronn-zang-loewen-adler-hirsch-768x568.jpg 768w, https:\/\/www.firstfloorstudios.de\/firstfloorstudiosWP\/verwaltungWP\/wp-content\/uploads\/2025\/06\/gal21-koenigsbronn-zang-loewen-adler-hirsch-68x50.jpg 68w, https:\/\/www.firstfloorstudios.de\/firstfloorstudiosWP\/verwaltungWP\/wp-content\/uploads\/2025\/06\/gal21-koenigsbronn-zang-loewen-adler-hirsch-650x481.jpg 650w, https:\/\/www.firstfloorstudios.de\/firstfloorstudiosWP\/verwaltungWP\/wp-content\/uploads\/2025\/06\/gal21-koenigsbronn-zang-loewen-adler-hirsch-1000x739.jpg 1000w, https:\/\/www.firstfloorstudios.de\/firstfloorstudiosWP\/verwaltungWP\/wp-content\/uploads\/2025\/06\/gal21-koenigsbronn-zang-loewen-adler-hirsch-50x37.jpg 50w\" title = \"gal21-koenigsbronn-zang-loewen-adler-hirsch\" \/><\/div><div class=\"thumb-overlay\"><div class=\"thumb-bg\" ><div class=\"thumb-title-wrap display-table-cell vertical-align-middle align-center fadeIn animated\"><\/div><\/div><\/div><\/a><\/div><div class=\"caption\"><\/div><\/div><div class=\"element be-hoverlay not-wide style1-hover c_to_c jg-entry-visible\"><div class=\"element-inner none-effect\"><a href=\"https:\/\/www.firstfloorstudios.de\/firstfloorstudiosWP\/verwaltungWP\/wp-content\/uploads\/2025\/06\/gal21-rechberghausen-rechberg-uhingen-duernau.jpg\" data-size=\"1038x1500\" data-href=\"https:\/\/www.firstfloorstudios.de\/firstfloorstudiosWP\/verwaltungWP\/wp-content\/uploads\/2025\/06\/gal21-rechberghausen-rechberg-uhingen-duernau.jpg\" class=\"thumb-wrap\" title=\"\"><div class=\"flip-img-wrap\"><img class = \"thumb-img\" height = \"1500\" width = \"1038\" srcset = \"https:\/\/www.firstfloorstudios.de\/firstfloorstudiosWP\/verwaltungWP\/wp-content\/uploads\/2025\/06\/gal21-rechberghausen-rechberg-uhingen-duernau.jpg 1038w, https:\/\/www.firstfloorstudios.de\/firstfloorstudiosWP\/verwaltungWP\/wp-content\/uploads\/2025\/06\/gal21-rechberghausen-rechberg-uhingen-duernau-208x300.jpg 208w, https:\/\/www.firstfloorstudios.de\/firstfloorstudiosWP\/verwaltungWP\/wp-content\/uploads\/2025\/06\/gal21-rechberghausen-rechberg-uhingen-duernau-709x1024.jpg 709w, https:\/\/www.firstfloorstudios.de\/firstfloorstudiosWP\/verwaltungWP\/wp-content\/uploads\/2025\/06\/gal21-rechberghausen-rechberg-uhingen-duernau-768x1110.jpg 768w, https:\/\/www.firstfloorstudios.de\/firstfloorstudiosWP\/verwaltungWP\/wp-content\/uploads\/2025\/06\/gal21-rechberghausen-rechberg-uhingen-duernau-35x50.jpg 35w, https:\/\/www.firstfloorstudios.de\/firstfloorstudiosWP\/verwaltungWP\/wp-content\/uploads\/2025\/06\/gal21-rechberghausen-rechberg-uhingen-duernau-650x939.jpg 650w, https:\/\/www.firstfloorstudios.de\/firstfloorstudiosWP\/verwaltungWP\/wp-content\/uploads\/2025\/06\/gal21-rechberghausen-rechberg-uhingen-duernau-1000x1445.jpg 1000w, https:\/\/www.firstfloorstudios.de\/firstfloorstudiosWP\/verwaltungWP\/wp-content\/uploads\/2025\/06\/gal21-rechberghausen-rechberg-uhingen-duernau-50x72.jpg 50w\" title = \"gal21-rechberghausen-rechberg-uhingen-duernau\" \/><\/div><div class=\"thumb-overlay\"><div class=\"thumb-bg\" ><div class=\"thumb-title-wrap display-table-cell vertical-align-middle align-center fadeIn animated\"><\/div><\/div><\/div><\/a><\/div><div class=\"caption\"><\/div><\/div><div class=\"element be-hoverlay not-wide style1-hover c_to_c jg-entry-visible\"><div class=\"element-inner none-effect\"><a href=\"https:\/\/www.firstfloorstudios.de\/firstfloorstudiosWP\/verwaltungWP\/wp-content\/uploads\/2025\/06\/gal21-hochzeit-noerdlingen-neresheim-dillingen.jpg\" data-size=\"1003x1500\" data-href=\"https:\/\/www.firstfloorstudios.de\/firstfloorstudiosWP\/verwaltungWP\/wp-content\/uploads\/2025\/06\/gal21-hochzeit-noerdlingen-neresheim-dillingen.jpg\" class=\"thumb-wrap\" title=\"\"><div class=\"flip-img-wrap\"><img class = \"thumb-img\" height = \"1500\" width = \"1003\" srcset = \"https:\/\/www.firstfloorstudios.de\/firstfloorstudiosWP\/verwaltungWP\/wp-content\/uploads\/2025\/06\/gal21-hochzeit-noerdlingen-neresheim-dillingen.jpg 1003w, https:\/\/www.firstfloorstudios.de\/firstfloorstudiosWP\/verwaltungWP\/wp-content\/uploads\/2025\/06\/gal21-hochzeit-noerdlingen-neresheim-dillingen-201x300.jpg 201w, https:\/\/www.firstfloorstudios.de\/firstfloorstudiosWP\/verwaltungWP\/wp-content\/uploads\/2025\/06\/gal21-hochzeit-noerdlingen-neresheim-dillingen-685x1024.jpg 685w, https:\/\/www.firstfloorstudios.de\/firstfloorstudiosWP\/verwaltungWP\/wp-content\/uploads\/2025\/06\/gal21-hochzeit-noerdlingen-neresheim-dillingen-768x1149.jpg 768w, https:\/\/www.firstfloorstudios.de\/firstfloorstudiosWP\/verwaltungWP\/wp-content\/uploads\/2025\/06\/gal21-hochzeit-noerdlingen-neresheim-dillingen-33x50.jpg 33w, https:\/\/www.firstfloorstudios.de\/firstfloorstudiosWP\/verwaltungWP\/wp-content\/uploads\/2025\/06\/gal21-hochzeit-noerdlingen-neresheim-dillingen-650x972.jpg 650w, https:\/\/www.firstfloorstudios.de\/firstfloorstudiosWP\/verwaltungWP\/wp-content\/uploads\/2025\/06\/gal21-hochzeit-noerdlingen-neresheim-dillingen-1000x1496.jpg 1000w, https:\/\/www.firstfloorstudios.de\/firstfloorstudiosWP\/verwaltungWP\/wp-content\/uploads\/2025\/06\/gal21-hochzeit-noerdlingen-neresheim-dillingen-50x75.jpg 50w\" title = \"gal21-hochzeit-noerdlingen-neresheim-dillingen\" \/><\/div><div class=\"thumb-overlay\"><div class=\"thumb-bg\" ><div class=\"thumb-title-wrap display-table-cell vertical-align-middle align-center fadeIn animated\"><\/div><\/div><\/div><\/a><\/div><div class=\"caption\"><\/div><\/div><div class=\"element be-hoverlay not-wide style1-hover c_to_c jg-entry-visible\"><div class=\"element-inner none-effect\"><a href=\"https:\/\/www.firstfloorstudios.de\/firstfloorstudiosWP\/verwaltungWP\/wp-content\/uploads\/2025\/08\/super_hochzeitsfotos_ende.jpg\" data-size=\"1500x1000\" data-href=\"https:\/\/www.firstfloorstudios.de\/firstfloorstudiosWP\/verwaltungWP\/wp-content\/uploads\/2025\/08\/super_hochzeitsfotos_ende.jpg\" class=\"thumb-wrap\" title=\"\"><div class=\"flip-img-wrap\"><img class = \"thumb-img\" height = \"1000\" width = \"1500\" srcset = \"https:\/\/www.firstfloorstudios.de\/firstfloorstudiosWP\/verwaltungWP\/wp-content\/uploads\/2025\/08\/super_hochzeitsfotos_ende.jpg 1500w, https:\/\/www.firstfloorstudios.de\/firstfloorstudiosWP\/verwaltungWP\/wp-content\/uploads\/2025\/08\/super_hochzeitsfotos_ende-300x200.jpg 300w, https:\/\/www.firstfloorstudios.de\/firstfloorstudiosWP\/verwaltungWP\/wp-content\/uploads\/2025\/08\/super_hochzeitsfotos_ende-1024x683.jpg 1024w, https:\/\/www.firstfloorstudios.de\/firstfloorstudiosWP\/verwaltungWP\/wp-content\/uploads\/2025\/08\/super_hochzeitsfotos_ende-768x512.jpg 768w, https:\/\/www.firstfloorstudios.de\/firstfloorstudiosWP\/verwaltungWP\/wp-content\/uploads\/2025\/08\/super_hochzeitsfotos_ende-75x50.jpg 75w, https:\/\/www.firstfloorstudios.de\/firstfloorstudiosWP\/verwaltungWP\/wp-content\/uploads\/2025\/08\/super_hochzeitsfotos_ende-650x433.jpg 650w, https:\/\/www.firstfloorstudios.de\/firstfloorstudiosWP\/verwaltungWP\/wp-content\/uploads\/2025\/08\/super_hochzeitsfotos_ende-1000x667.jpg 1000w, https:\/\/www.firstfloorstudios.de\/firstfloorstudiosWP\/verwaltungWP\/wp-content\/uploads\/2025\/08\/super_hochzeitsfotos_ende-50x33.jpg 50w\" title = \"super_hochzeitsfotos_ende\" \/><\/div><div class=\"thumb-overlay\"><div class=\"thumb-bg\" ><div class=\"thumb-title-wrap display-table-cell vertical-align-middle align-center fadeIn animated\"><\/div><\/div><\/div><\/a><\/div><div class=\"caption\"><\/div><\/div><div class=\"element be-hoverlay not-wide style1-hover c_to_c jg-entry-visible\"><div class=\"element-inner none-effect\"><a href=\"https:\/\/www.firstfloorstudios.de\/firstfloorstudiosWP\/verwaltungWP\/wp-content\/uploads\/2025\/08\/gal21-gardasee-isola-di-garda-kirche-food-1.jpg\" data-size=\"1363x1500\" data-href=\"https:\/\/www.firstfloorstudios.de\/firstfloorstudiosWP\/verwaltungWP\/wp-content\/uploads\/2025\/08\/gal21-gardasee-isola-di-garda-kirche-food-1.jpg\" class=\"thumb-wrap\" title=\"\"><div class=\"flip-img-wrap\"><img class = \"thumb-img\" height = \"1500\" width = \"1363\" srcset = \"https:\/\/www.firstfloorstudios.de\/firstfloorstudiosWP\/verwaltungWP\/wp-content\/uploads\/2025\/08\/gal21-gardasee-isola-di-garda-kirche-food-1.jpg 1363w, https:\/\/www.firstfloorstudios.de\/firstfloorstudiosWP\/verwaltungWP\/wp-content\/uploads\/2025\/08\/gal21-gardasee-isola-di-garda-kirche-food-1-273x300.jpg 273w, https:\/\/www.firstfloorstudios.de\/firstfloorstudiosWP\/verwaltungWP\/wp-content\/uploads\/2025\/08\/gal21-gardasee-isola-di-garda-kirche-food-1-930x1024.jpg 930w, https:\/\/www.firstfloorstudios.de\/firstfloorstudiosWP\/verwaltungWP\/wp-content\/uploads\/2025\/08\/gal21-gardasee-isola-di-garda-kirche-food-1-768x845.jpg 768w, https:\/\/www.firstfloorstudios.de\/firstfloorstudiosWP\/verwaltungWP\/wp-content\/uploads\/2025\/08\/gal21-gardasee-isola-di-garda-kirche-food-1-45x50.jpg 45w, https:\/\/www.firstfloorstudios.de\/firstfloorstudiosWP\/verwaltungWP\/wp-content\/uploads\/2025\/08\/gal21-gardasee-isola-di-garda-kirche-food-1-650x715.jpg 650w, https:\/\/www.firstfloorstudios.de\/firstfloorstudiosWP\/verwaltungWP\/wp-content\/uploads\/2025\/08\/gal21-gardasee-isola-di-garda-kirche-food-1-1000x1101.jpg 1000w, https:\/\/www.firstfloorstudios.de\/firstfloorstudiosWP\/verwaltungWP\/wp-content\/uploads\/2025\/08\/gal21-gardasee-isola-di-garda-kirche-food-1-50x55.jpg 50w\" title = \"gal21-gardasee-isola-di-garda-kirche-food\" \/><\/div><div class=\"thumb-overlay\"><div class=\"thumb-bg\" ><div class=\"thumb-title-wrap display-table-cell vertical-align-middle align-center fadeIn animated\"><\/div><\/div><\/div><\/a><\/div><div class=\"caption\"><\/div><\/div><div class=\"element be-hoverlay not-wide style1-hover c_to_c jg-entry-visible\"><div class=\"element-inner none-effect\"><a href=\"https:\/\/www.firstfloorstudios.de\/firstfloorstudiosWP\/verwaltungWP\/wp-content\/uploads\/2025\/08\/super_hochzeitsfotos_2-scaled.jpg\" data-size=\"2560x1738\" data-href=\"https:\/\/www.firstfloorstudios.de\/firstfloorstudiosWP\/verwaltungWP\/wp-content\/uploads\/2025\/08\/super_hochzeitsfotos_2-scaled.jpg\" class=\"thumb-wrap\" title=\"\"><div class=\"flip-img-wrap\"><img class = \"thumb-img\" height = \"1738\" width = \"2560\" srcset = \"https:\/\/www.firstfloorstudios.de\/firstfloorstudiosWP\/verwaltungWP\/wp-content\/uploads\/2025\/08\/super_hochzeitsfotos_2-scaled.jpg 2560w, https:\/\/www.firstfloorstudios.de\/firstfloorstudiosWP\/verwaltungWP\/wp-content\/uploads\/2025\/08\/super_hochzeitsfotos_2-300x204.jpg 300w, https:\/\/www.firstfloorstudios.de\/firstfloorstudiosWP\/verwaltungWP\/wp-content\/uploads\/2025\/08\/super_hochzeitsfotos_2-1024x695.jpg 1024w, https:\/\/www.firstfloorstudios.de\/firstfloorstudiosWP\/verwaltungWP\/wp-content\/uploads\/2025\/08\/super_hochzeitsfotos_2-768x521.jpg 768w, https:\/\/www.firstfloorstudios.de\/firstfloorstudiosWP\/verwaltungWP\/wp-content\/uploads\/2025\/08\/super_hochzeitsfotos_2-1536x1043.jpg 1536w, https:\/\/www.firstfloorstudios.de\/firstfloorstudiosWP\/verwaltungWP\/wp-content\/uploads\/2025\/08\/super_hochzeitsfotos_2-2048x1390.jpg 2048w, https:\/\/www.firstfloorstudios.de\/firstfloorstudiosWP\/verwaltungWP\/wp-content\/uploads\/2025\/08\/super_hochzeitsfotos_2-74x50.jpg 74w, https:\/\/www.firstfloorstudios.de\/firstfloorstudiosWP\/verwaltungWP\/wp-content\/uploads\/2025\/08\/super_hochzeitsfotos_2-650x441.jpg 650w, https:\/\/www.firstfloorstudios.de\/firstfloorstudiosWP\/verwaltungWP\/wp-content\/uploads\/2025\/08\/super_hochzeitsfotos_2-1000x679.jpg 1000w, https:\/\/www.firstfloorstudios.de\/firstfloorstudiosWP\/verwaltungWP\/wp-content\/uploads\/2025\/08\/super_hochzeitsfotos_2-50x34.jpg 50w\" title = \"super_hochzeitsfotos_2\" \/><\/div><div class=\"thumb-overlay\"><div class=\"thumb-bg\" ><div class=\"thumb-title-wrap display-table-cell vertical-align-middle align-center fadeIn animated\"><\/div><\/div><\/div><\/a><\/div><div class=\"caption\"><\/div><\/div><div class=\"element be-hoverlay not-wide style1-hover c_to_c jg-entry-visible\"><div class=\"element-inner none-effect\"><a href=\"https:\/\/www.firstfloorstudios.de\/firstfloorstudiosWP\/verwaltungWP\/wp-content\/uploads\/2025\/06\/gal21-salsa-bachata-sensual-dance-tanz.jpg\" data-size=\"1500x1088\" data-href=\"https:\/\/www.firstfloorstudios.de\/firstfloorstudiosWP\/verwaltungWP\/wp-content\/uploads\/2025\/06\/gal21-salsa-bachata-sensual-dance-tanz.jpg\" class=\"thumb-wrap\" title=\"\"><div class=\"flip-img-wrap\"><img class = \"thumb-img\" height = \"1088\" width = \"1500\" srcset = \"https:\/\/www.firstfloorstudios.de\/firstfloorstudiosWP\/verwaltungWP\/wp-content\/uploads\/2025\/06\/gal21-salsa-bachata-sensual-dance-tanz.jpg 1500w, https:\/\/www.firstfloorstudios.de\/firstfloorstudiosWP\/verwaltungWP\/wp-content\/uploads\/2025\/06\/gal21-salsa-bachata-sensual-dance-tanz-300x218.jpg 300w, https:\/\/www.firstfloorstudios.de\/firstfloorstudiosWP\/verwaltungWP\/wp-content\/uploads\/2025\/06\/gal21-salsa-bachata-sensual-dance-tanz-1024x743.jpg 1024w, https:\/\/www.firstfloorstudios.de\/firstfloorstudiosWP\/verwaltungWP\/wp-content\/uploads\/2025\/06\/gal21-salsa-bachata-sensual-dance-tanz-768x557.jpg 768w, https:\/\/www.firstfloorstudios.de\/firstfloorstudiosWP\/verwaltungWP\/wp-content\/uploads\/2025\/06\/gal21-salsa-bachata-sensual-dance-tanz-69x50.jpg 69w, https:\/\/www.firstfloorstudios.de\/firstfloorstudiosWP\/verwaltungWP\/wp-content\/uploads\/2025\/06\/gal21-salsa-bachata-sensual-dance-tanz-650x471.jpg 650w, https:\/\/www.firstfloorstudios.de\/firstfloorstudiosWP\/verwaltungWP\/wp-content\/uploads\/2025\/06\/gal21-salsa-bachata-sensual-dance-tanz-1000x725.jpg 1000w, https:\/\/www.firstfloorstudios.de\/firstfloorstudiosWP\/verwaltungWP\/wp-content\/uploads\/2025\/06\/gal21-salsa-bachata-sensual-dance-tanz-50x36.jpg 50w\" title = \"gal21-salsa-bachata-sensual-dance-tanz\" \/><\/div><div class=\"thumb-overlay\"><div class=\"thumb-bg\" ><div class=\"thumb-title-wrap display-table-cell vertical-align-middle align-center fadeIn animated\"><\/div><\/div><\/div><\/a><\/div><div class=\"caption\"><\/div><\/div><div class=\"element be-hoverlay not-wide style1-hover c_to_c jg-entry-visible\"><div class=\"element-inner none-effect\"><a href=\"https:\/\/www.firstfloorstudios.de\/firstfloorstudiosWP\/verwaltungWP\/wp-content\/uploads\/2025\/08\/gal21-save-the-date-einladung.jpg\" data-size=\"1500x1000\" data-href=\"https:\/\/www.firstfloorstudios.de\/firstfloorstudiosWP\/verwaltungWP\/wp-content\/uploads\/2025\/08\/gal21-save-the-date-einladung.jpg\" class=\"thumb-wrap\" title=\"\"><div class=\"flip-img-wrap\"><img class = \"thumb-img\" height = \"1000\" width = \"1500\" srcset = \"https:\/\/www.firstfloorstudios.de\/firstfloorstudiosWP\/verwaltungWP\/wp-content\/uploads\/2025\/08\/gal21-save-the-date-einladung.jpg 1500w, https:\/\/www.firstfloorstudios.de\/firstfloorstudiosWP\/verwaltungWP\/wp-content\/uploads\/2025\/08\/gal21-save-the-date-einladung-300x200.jpg 300w, https:\/\/www.firstfloorstudios.de\/firstfloorstudiosWP\/verwaltungWP\/wp-content\/uploads\/2025\/08\/gal21-save-the-date-einladung-1024x683.jpg 1024w, https:\/\/www.firstfloorstudios.de\/firstfloorstudiosWP\/verwaltungWP\/wp-content\/uploads\/2025\/08\/gal21-save-the-date-einladung-768x512.jpg 768w, https:\/\/www.firstfloorstudios.de\/firstfloorstudiosWP\/verwaltungWP\/wp-content\/uploads\/2025\/08\/gal21-save-the-date-einladung-75x50.jpg 75w, https:\/\/www.firstfloorstudios.de\/firstfloorstudiosWP\/verwaltungWP\/wp-content\/uploads\/2025\/08\/gal21-save-the-date-einladung-650x433.jpg 650w, https:\/\/www.firstfloorstudios.de\/firstfloorstudiosWP\/verwaltungWP\/wp-content\/uploads\/2025\/08\/gal21-save-the-date-einladung-1000x667.jpg 1000w, https:\/\/www.firstfloorstudios.de\/firstfloorstudiosWP\/verwaltungWP\/wp-content\/uploads\/2025\/08\/gal21-save-the-date-einladung-50x33.jpg 50w\" title = \"gal21-save-the-date-einladung\" \/><\/div><div class=\"thumb-overlay\"><div class=\"thumb-bg\" ><div class=\"thumb-title-wrap display-table-cell vertical-align-middle align-center fadeIn animated\"><\/div><\/div><\/div><\/a><\/div><div class=\"caption\"><\/div><\/div><div class=\"element be-hoverlay not-wide style1-hover c_to_c jg-entry-visible\"><div class=\"element-inner none-effect\"><a href=\"https:\/\/www.firstfloorstudios.de\/firstfloorstudiosWP\/verwaltungWP\/wp-content\/uploads\/2025\/08\/gal21-hochzeit-wedding-ostertag-aalen-laeuterhaeusle-asbrck-2.jpg\" data-size=\"1500x1001\" data-href=\"https:\/\/www.firstfloorstudios.de\/firstfloorstudiosWP\/verwaltungWP\/wp-content\/uploads\/2025\/08\/gal21-hochzeit-wedding-ostertag-aalen-laeuterhaeusle-asbrck-2.jpg\" class=\"thumb-wrap\" title=\"\"><div class=\"flip-img-wrap\"><img class = \"thumb-img\" height = \"1001\" width = \"1500\" srcset = \"https:\/\/www.firstfloorstudios.de\/firstfloorstudiosWP\/verwaltungWP\/wp-content\/uploads\/2025\/08\/gal21-hochzeit-wedding-ostertag-aalen-laeuterhaeusle-asbrck-2.jpg 1500w, https:\/\/www.firstfloorstudios.de\/firstfloorstudiosWP\/verwaltungWP\/wp-content\/uploads\/2025\/08\/gal21-hochzeit-wedding-ostertag-aalen-laeuterhaeusle-asbrck-2-300x200.jpg 300w, https:\/\/www.firstfloorstudios.de\/firstfloorstudiosWP\/verwaltungWP\/wp-content\/uploads\/2025\/08\/gal21-hochzeit-wedding-ostertag-aalen-laeuterhaeusle-asbrck-2-1024x683.jpg 1024w, https:\/\/www.firstfloorstudios.de\/firstfloorstudiosWP\/verwaltungWP\/wp-content\/uploads\/2025\/08\/gal21-hochzeit-wedding-ostertag-aalen-laeuterhaeusle-asbrck-2-768x513.jpg 768w, https:\/\/www.firstfloorstudios.de\/firstfloorstudiosWP\/verwaltungWP\/wp-content\/uploads\/2025\/08\/gal21-hochzeit-wedding-ostertag-aalen-laeuterhaeusle-asbrck-2-75x50.jpg 75w, https:\/\/www.firstfloorstudios.de\/firstfloorstudiosWP\/verwaltungWP\/wp-content\/uploads\/2025\/08\/gal21-hochzeit-wedding-ostertag-aalen-laeuterhaeusle-asbrck-2-650x434.jpg 650w, https:\/\/www.firstfloorstudios.de\/firstfloorstudiosWP\/verwaltungWP\/wp-content\/uploads\/2025\/08\/gal21-hochzeit-wedding-ostertag-aalen-laeuterhaeusle-asbrck-2-1000x667.jpg 1000w, https:\/\/www.firstfloorstudios.de\/firstfloorstudiosWP\/verwaltungWP\/wp-content\/uploads\/2025\/08\/gal21-hochzeit-wedding-ostertag-aalen-laeuterhaeusle-asbrck-2-50x33.jpg 50w\" title = \"gal21-hochzeit-wedding-ostertag-aalen-laeuterhaeusle-asbrck\" \/><\/div><div class=\"thumb-overlay\"><div class=\"thumb-bg\" ><div class=\"thumb-title-wrap display-table-cell vertical-align-middle align-center fadeIn animated\"><\/div><\/div><\/div><\/a><\/div><div class=\"caption\"><\/div><\/div><div class=\"element be-hoverlay not-wide style1-hover c_to_c jg-entry-visible\"><div class=\"element-inner none-effect\"><a href=\"https:\/\/www.firstfloorstudios.de\/firstfloorstudiosWP\/verwaltungWP\/wp-content\/uploads\/2025\/08\/dummmi.jpg\" data-size=\"1111x590\" data-href=\"https:\/\/www.firstfloorstudios.de\/firstfloorstudiosWP\/verwaltungWP\/wp-content\/uploads\/2025\/08\/dummmi.jpg\" class=\"thumb-wrap\" title=\"\"><div class=\"flip-img-wrap\"><img class = \"thumb-img\" height = \"590\" width = \"1111\" srcset = \"https:\/\/www.firstfloorstudios.de\/firstfloorstudiosWP\/verwaltungWP\/wp-content\/uploads\/2025\/08\/dummmi.jpg 1111w, https:\/\/www.firstfloorstudios.de\/firstfloorstudiosWP\/verwaltungWP\/wp-content\/uploads\/2025\/08\/dummmi-300x159.jpg 300w, https:\/\/www.firstfloorstudios.de\/firstfloorstudiosWP\/verwaltungWP\/wp-content\/uploads\/2025\/08\/dummmi-1024x544.jpg 1024w, https:\/\/www.firstfloorstudios.de\/firstfloorstudiosWP\/verwaltungWP\/wp-content\/uploads\/2025\/08\/dummmi-768x408.jpg 768w, https:\/\/www.firstfloorstudios.de\/firstfloorstudiosWP\/verwaltungWP\/wp-content\/uploads\/2025\/08\/dummmi-94x50.jpg 94w, https:\/\/www.firstfloorstudios.de\/firstfloorstudiosWP\/verwaltungWP\/wp-content\/uploads\/2025\/08\/dummmi-650x345.jpg 650w, https:\/\/www.firstfloorstudios.de\/firstfloorstudiosWP\/verwaltungWP\/wp-content\/uploads\/2025\/08\/dummmi-1000x531.jpg 1000w, https:\/\/www.firstfloorstudios.de\/firstfloorstudiosWP\/verwaltungWP\/wp-content\/uploads\/2025\/08\/dummmi-50x27.jpg 50w\" title = \"dummmi\" \/><\/div><div class=\"thumb-overlay\"><div class=\"thumb-bg\" ><div class=\"thumb-title-wrap display-table-cell vertical-align-middle align-center fadeIn animated\"><\/div><\/div><\/div><\/a><\/div><div class=\"caption\"><\/div><\/div><\/div><\/div><\/div><div class=\"oshine-module oshine-am-fh display-block  tatsu-SyAdh_eFxl\"><style>.tatsu-SyAdh_eFxl .animate-icon-module-style1-wrap{height: 300px;}.tatsu-SyAdh_eFxl .animate-icon-module-style1{margin-bottom: 40px;}<\/style><div class=\"animate-icon-module-style1-wrap-container\"><div class=\"animate-icon-module-style1-wrap clearfix\" data-gutter-width=\"40\"><a  href=\"https:\/\/www.firstfloorstudios.de\/firstfloorstudiosWP\/verwaltungWP\/13600-2\/\" class=\"animate-icon-module-style1 be-bg-cover animate-icon-module  top-animate tatsu-HyxRuh_etxe   \" ><style>.tatsu-HyxRuh_etxe .font-icon{font-size: 30px;color: #ffffff ;}.tatsu-HyxRuh_etxe .title_content{color: #ffffff ;}.tatsu-HyxRuh_etxe{background-image: url(https:\/\/www.firstfloorstudios.de\/firstfloorstudiosWP\/verwaltungWP\/wp-content\/uploads\/2025\/08\/mammut-baum-umarmen-barbie-film-schauspieler-hochschule-maschinenbau-aalen-muenchen-donauwoerth-noerdlingen-fotograf-fotografie.jpg);background-color: #000;}.tatsu-HyxRuh_etxe:hover{background-color: #232323;}<\/style><div class=\"animate-icon-module-normal-content\"><div class=\"display-table\"><div class=\"display-table-cell vertical-align-middle\"><i class=\"font-icon icon-arrow_back\" ><\/i><h1  class=\"title_content\" >Silvie & Dirk<\/h1><\/div><\/div><\/div><div class=\"animate-icon-module-hover-content\"><div class=\"display-table\"><div class=\"display-table-cell vertical-align-middle\">\n<h3><span style=\"color: #ffffff; font-size: 18pt;\">Schloss Fachsenfeld<\/span><\/h3>\n<\/div><\/div><\/div><\/a><a  href=\"#\" class=\"animate-icon-module-style1 be-bg-cover animate-icon-module  top-animate tatsu-rkZ0dh_gtex   \" ><style>.tatsu-rkZ0dh_gtex .font-icon{font-size: 30px;color: #ffffff ;}.tatsu-rkZ0dh_gtex .title_content{color: #ffffff ;}.tatsu-rkZ0dh_gtex{background-image: url(https:\/\/www.firstfloorstudios.de\/firstfloorstudiosWP\/verwaltungWP\/wp-content\/uploads\/2025\/08\/finger-food-haeppchen-appetizers-gastronomie-restaurant-sterne-gault-millau-franzoesich-essen-lecker-gut-service-baden-wein-winzer.jpg);background-color: rgba(170,146,108,1);}.tatsu-rkZ0dh_gtex:hover{background-color: rgba(191,67,67,1);}.tatsu-rkZ0dh_gtex .ai-overlay{background-color: rgba(222,126,126,1);}<\/style><div class=\"animate-icon-module-normal-content\"><div class=\"display-table\"><div class=\"display-table-cell vertical-align-middle\"><i class=\"font-icon icon-arrow_back\" ><\/i><h1  class=\"title_content\" >Julia & Enrique<\/h1><\/div><\/div><\/div><div class=\"animate-icon-module-hover-content\"><div class=\"display-table\"><div class=\"display-table-cell vertical-align-middle\">\n<h2><span style=\"font-size: 18pt; color: #ffffff;\">Idylle am Wasser<\/span><\/h2>\n<\/div><\/div><\/div><\/a><a  href=\"#\" class=\"animate-icon-module-style1 be-bg-cover animate-icon-module  top-animate tatsu-r1GAuh_eFxx   \" ><style>.tatsu-r1GAuh_eFxx .font-icon{font-size: 30px;color: #ffffff ;}.tatsu-r1GAuh_eFxx .title_content{color: #ffffff ;}.tatsu-r1GAuh_eFxx{background-image: url(https:\/\/www.firstfloorstudios.de\/firstfloorstudiosWP\/verwaltungWP\/wp-content\/uploads\/2025\/08\/gal21-hochzeit-wedding-ostertag-aalen-laeuterhaeusle-asbrck.jpg);background-color: #000;}.tatsu-r1GAuh_eFxx:hover{background-color: #232323;}<\/style><div class=\"animate-icon-module-normal-content\"><div class=\"display-table\"><div class=\"display-table-cell vertical-align-middle\"><i class=\"font-icon icon-arrow_back\" ><\/i><h1  class=\"title_content\" >Jacqueline und Marcel<\/h1><\/div><\/div><\/div><div class=\"animate-icon-module-hover-content\"><div class=\"display-table\"><div class=\"display-table-cell vertical-align-middle\">\n<h2><span style=\"color: #ffffff; font-size: 18pt;\">Isla da Garda<\/span><\/h2>\n<\/div><\/div><\/div><\/a><\/div><\/div><\/div><\/div><\/div><div class = \"tatsu-column-bg-image-wrap\"><div class = \"tatsu-column-bg-image\" ><\/div><\/div><div class=\"tatsu-overlay tatsu-column-overlay tatsu-animate-none\" ><\/div><\/div><style>.tatsu-row > .tatsu-SJOplELGR.tatsu-column{width: 100%;}.tatsu-SJOplELGR.tatsu-column > .tatsu-column-inner > .tatsu-column-overlay{mix-blend-mode: normal;}.tatsu-SJOplELGR > .tatsu-column-inner > .tatsu-top-divider{z-index: 9999;}.tatsu-SJOplELGR > .tatsu-column-inner > .tatsu-bottom-divider{z-index: 9999;}.tatsu-SJOplELGR > .tatsu-column-inner > .tatsu-left-divider{z-index: 9999;}.tatsu-SJOplELGR > .tatsu-column-inner > .tatsu-right-divider{z-index: 9999;}@media only screen and (max-width:1377px) {.tatsu-row > .tatsu-SJOplELGR.tatsu-column{width: 100%;}}@media only screen and (min-width:768px) and (max-width: 1024px) {.tatsu-row > .tatsu-SJOplELGR.tatsu-column{width: 100%;}}@media only screen and (max-width: 767px) {.tatsu-row > .tatsu-SJOplELGR.tatsu-column{width: 100%;}}<\/style><\/div><\/div><\/div><\/div><div class=\"tatsu-section-background-wrap\"><div class = \"tatsu-section-background\" ><\/div><\/div><div class=\"tatsu-overlay tatsu-section-overlay\"><\/div><style>.tatsu-rk-O6e4IGA .tatsu-section-pad{padding: 159px 0px 19px 0px;}.tatsu-rk-O6e4IGA .tatsu-section-offset-wrap{transform: translateY(-0px);}.tatsu-rk-O6e4IGA > .tatsu-bottom-divider{z-index: 9999;}.tatsu-rk-O6e4IGA > .tatsu-top-divider{z-index: 9999;}.tatsu-rk-O6e4IGA .tatsu-section-overlay{mix-blend-mode: normal;}<\/style><\/div><div  class=\"tatsu-rkQJmNUfA tatsu-section    tatsu-clearfix\" data-title=\"\"  data-headerscheme=\"background--dark\"><div class='tatsu-section-pad clearfix' data-padding='{\"d\":\"20px 0px 20px 0px \"}' data-padding-top='20px'><div class=\"tatsu-row-wrap  tatsu-row-full-width tatsu-row-one-col tatsu-row-has-one-cols tatsu-medium-gutter tatsu-reg-cols  tatsu-clearfix tatsu-SJxXyX4UM0\" ><div  class=\"tatsu-row \" ><div  class=\"tatsu-column  tatsu-column-no-bg tatsu-one-col tatsu-column-image-none tatsu-column-effect-none  tatsu-BJbXk74IMA\"  data-parallax-speed=\"0\" style=\"\"><div class=\"tatsu-column-inner \" ><div class=\"tatsu-column-pad-wrap\"><div class=\"tatsu-column-pad\" ><div  class=\"tatsu-module tatsu-call-to-action tatsu-clearfix  tatsu-ryG71QNUGR  \" ><div class=\"tatsu-cta-inner\"><h4 class=\"tatsu-action-content\" >Lust auf ein Shooting ? <\/h4><a class=\"mediumbtn tatsu-button rounded tatsu-action-button   \" href=\"https:\/\/www.firstfloorstudios.de\/firstfloorstudiosWP\/verwaltungWP\/contact-2\/\" data-gdpr-atts={} ><span>Termin vereinbaren<\/span><\/a><style>.tatsu-ryG71QNUGR.tatsu-call-to-action{background-color: rgba(19,19,19,1);}.tatsu-ryG71QNUGR .tatsu-action-content{color: #ffffff ;}.tatsu-ryG71QNUGR .tatsu-action-button{background: rgba(30,66,109,1);border-color: #ffffff; }.tatsu-ryG71QNUGR .tatsu-action-button:hover{background: #ffffff;border-color: #ffffff; }.tatsu-ryG71QNUGR .tatsu-action-button span{color: #ffffff ;}.tatsu-ryG71QNUGR .tatsu-action-button:hover span{color: rgba(20,25,24,1) ;}<\/style><\/div><\/div><\/div><\/div><div class = \"tatsu-column-bg-image-wrap\"><div class = \"tatsu-column-bg-image\" ><\/div><\/div><\/div><style>.tatsu-row > .tatsu-BJbXk74IMA.tatsu-column{width: 100%;}.tatsu-BJbXk74IMA.tatsu-column > .tatsu-column-inner > .tatsu-column-overlay{mix-blend-mode: none;}.tatsu-BJbXk74IMA > .tatsu-column-inner > .tatsu-top-divider{z-index: 9999;}.tatsu-BJbXk74IMA > .tatsu-column-inner > .tatsu-bottom-divider{z-index: 9999;}.tatsu-BJbXk74IMA > .tatsu-column-inner > .tatsu-left-divider{z-index: 9999;}.tatsu-BJbXk74IMA > .tatsu-column-inner > .tatsu-right-divider{z-index: 9999;}<\/style><\/div><\/div><\/div><\/div><div class=\"tatsu-section-background-wrap\"><div class = \"tatsu-section-background\" ><\/div><\/div><style>.tatsu-rkQJmNUfA.tatsu-section{background-color: rgba(19,19,19,1);}.tatsu-rkQJmNUfA .tatsu-section-pad{padding: 20px 0px 20px 0px ;}.tatsu-rkQJmNUfA > .tatsu-bottom-divider{z-index: 9999;}.tatsu-rkQJmNUfA > .tatsu-top-divider{z-index: 9999;}<\/style><\/div><div  class=\"tatsu-rJUI3zIzC tatsu-section    tatsu-clearfix\" data-title=\"CLIENT 1\"  data-headerscheme=\"background--light\"><div class='tatsu-section-pad clearfix' data-padding='{\"d\":\"30px 0% 30px 0%\"}' data-padding-top='30px'><div class=\"tatsu-row-wrap  tatsu-wrap tatsu-row-one-col tatsu-row-has-one-cols tatsu-medium-gutter tatsu-reg-cols  tatsu-clearfix tatsu-H1gIIhzUGR\" ><div  class=\"tatsu-row \" ><div  class=\"tatsu-column  tatsu-column-no-bg tatsu-one-col tatsu-column-image-none tatsu-column-effect-none  tatsu-B1WIIhM8zR\"  data-parallax-speed=\"0\" style=\"\"><div class=\"tatsu-column-inner \" ><div class=\"tatsu-column-pad-wrap\"><div class=\"tatsu-column-pad\" ><div  class=\"carousel-wrap oshine-module clearfix  tatsu-H1G8U3GLzC  \"  ><ul class=\"be-owl-carousel client-carousel-module\" data-slide-show=\"1\" data-slide-navigation-dots=\"0\" data-slide-show-speed=\"4000\"><li  class=\"carousel-item client-carousel-item c_to_c  tatsu-BkmIL2GUGC  \"  ><a href=\"#\" ><img decoding=\"async\" src=\"https:\/\/www.firstfloorstudios.de\/firstfloorstudiosWP\/verwaltungWP\/wp-content\/uploads\/2024\/06\/logo_varta.png\" alt=\"\" \/><\/a><\/li><li  class=\"carousel-item client-carousel-item c_to_c  tatsu-r1SLI3zLf0  \"  ><a href=\"#\" ><img decoding=\"async\" src=\"https:\/\/www.firstfloorstudios.de\/firstfloorstudiosWP\/verwaltungWP\/wp-content\/uploads\/2024\/06\/logo_saturn.png\" alt=\"\" \/><\/a><\/li><li  class=\"carousel-item client-carousel-item c_to_c  tatsu-rk8LUhGUGR  \"  ><a href=\"#\" ><img decoding=\"async\" src=\"https:\/\/www.firstfloorstudios.de\/firstfloorstudiosWP\/verwaltungWP\/wp-content\/uploads\/2024\/06\/logo_mapal.png\" alt=\"\" \/><\/a><\/li><li  class=\"carousel-item client-carousel-item c_to_c  tatsu-rkwI82MLGC  \"  ><a href=\"#\" ><img decoding=\"async\" src=\"https:\/\/www.firstfloorstudios.de\/firstfloorstudiosWP\/verwaltungWP\/wp-content\/uploads\/2024\/06\/logo_hochschule.png\" alt=\"\" \/><\/a><\/li><\/ul><\/div><\/div><\/div><div class = \"tatsu-column-bg-image-wrap\"><div class = \"tatsu-column-bg-image\" ><\/div><\/div><\/div><style>.tatsu-row > .tatsu-B1WIIhM8zR.tatsu-column{width: 100%;}.tatsu-B1WIIhM8zR.tatsu-column > .tatsu-column-inner > .tatsu-column-overlay{mix-blend-mode: none;}.tatsu-B1WIIhM8zR > .tatsu-column-inner > .tatsu-top-divider{z-index: 9999;}.tatsu-B1WIIhM8zR > .tatsu-column-inner > .tatsu-bottom-divider{z-index: 9999;}.tatsu-B1WIIhM8zR > .tatsu-column-inner > .tatsu-left-divider{z-index: 9999;}.tatsu-B1WIIhM8zR > .tatsu-column-inner > .tatsu-right-divider{z-index: 9999;}<\/style><\/div><\/div><\/div><\/div><div class=\"tatsu-section-background-wrap\"><div class = \"tatsu-section-background\" ><\/div><\/div><style>.tatsu-rJUI3zIzC.tatsu-section{background-color: rgba(86,133,182,1);}.tatsu-rJUI3zIzC{border-width: 0px 0px px 0px;border-style: solid;}.tatsu-rJUI3zIzC .tatsu-section-pad{padding: 30px 0% 30px 0%;}.tatsu-rJUI3zIzC > .tatsu-bottom-divider{z-index: 9999;}.tatsu-rJUI3zIzC > .tatsu-top-divider{z-index: 9999;}<\/style><\/div><div  class=\"tatsu-H1-iUVFsGA tatsu-section  tatsu-bg-overlay   tatsu-clearfix\" data-title=\"\"  data-headerscheme=\"background--dark\"><div class='tatsu-section-pad clearfix' data-padding='{\"d\":\"90px 0px 90px 0px\"}' data-padding-top='90px'><div class=\"tatsu-row-wrap  tatsu-wrap tatsu-row-one-col tatsu-row-has-one-cols tatsu-medium-gutter tatsu-reg-cols  tatsu-clearfix tatsu-HkxiLNFoMA\" ><div  class=\"tatsu-row \" ><div  class=\"tatsu-column  tatsu-bg-overlay tatsu-one-col tatsu-column-image-none tatsu-column-effect-none  tatsu-rJiU4FsfR\"  data-parallax-speed=\"0\" style=\"\"><div class=\"tatsu-column-inner \" ><div class=\"tatsu-column-pad-wrap\"><div class=\"tatsu-column-pad\" ><div  class=\"tatsu-single-image tatsu-module align-center tatsu-image-lazyload tatsu-image-overflow  tatsu-ByFI2NIGC  \" ><div class=\"tatsu-single-image-inner \" style=\"\" ><div class = \"tatsu-single-image-padding-wrap\" style = \"padding-bottom : 56.433408577878%;\" ><\/div><img class = \"tatsu-gradient-border\" alt = \"\" title = \"first_floor_studios_aalen_melanie_pfoerdtner\" data-srcset = \"https:\/\/www.firstfloorstudios.de\/firstfloorstudiosWP\/verwaltungWP\/wp-content\/uploads\/2024\/10\/first_floor_studios_aalen_melanie_pfoerdtner.jpg 1772w, https:\/\/www.firstfloorstudios.de\/firstfloorstudiosWP\/verwaltungWP\/wp-content\/uploads\/2024\/10\/first_floor_studios_aalen_melanie_pfoerdtner-300x169.jpg 300w, https:\/\/www.firstfloorstudios.de\/firstfloorstudiosWP\/verwaltungWP\/wp-content\/uploads\/2024\/10\/first_floor_studios_aalen_melanie_pfoerdtner-1024x578.jpg 1024w, https:\/\/www.firstfloorstudios.de\/firstfloorstudiosWP\/verwaltungWP\/wp-content\/uploads\/2024\/10\/first_floor_studios_aalen_melanie_pfoerdtner-768x433.jpg 768w, https:\/\/www.firstfloorstudios.de\/firstfloorstudiosWP\/verwaltungWP\/wp-content\/uploads\/2024\/10\/first_floor_studios_aalen_melanie_pfoerdtner-1536x867.jpg 1536w, https:\/\/www.firstfloorstudios.de\/firstfloorstudiosWP\/verwaltungWP\/wp-content\/uploads\/2024\/10\/first_floor_studios_aalen_melanie_pfoerdtner-89x50.jpg 89w, https:\/\/www.firstfloorstudios.de\/firstfloorstudiosWP\/verwaltungWP\/wp-content\/uploads\/2024\/10\/first_floor_studios_aalen_melanie_pfoerdtner-650x367.jpg 650w, https:\/\/www.firstfloorstudios.de\/firstfloorstudiosWP\/verwaltungWP\/wp-content\/uploads\/2024\/10\/first_floor_studios_aalen_melanie_pfoerdtner-1000x564.jpg 1000w, https:\/\/www.firstfloorstudios.de\/firstfloorstudiosWP\/verwaltungWP\/wp-content\/uploads\/2024\/10\/first_floor_studios_aalen_melanie_pfoerdtner-50x28.jpg 50w\" sizes = \"(max-width: 1772px) 100vw, 1772px\" src =\"data:image\/png;base64,iVBORw0KGgoAAAANSUhEUgAAAAEAAAABCAQAAAC1HAwCAAAAC0lEQVR42mNkYAAAAAYAAjCB0C8AAAAASUVORK5CYII=\"  \/><\/div><style>.tatsu-ByFI2NIGC .tatsu-single-image-inner{border-style: solid;width: 100%;}.tatsu-ByFI2NIGC.tatsu-single-image{transform: translate3d(0px,0px, 0);}<\/style><\/div><\/div><\/div><div class = \"tatsu-column-bg-image-wrap\"><div class = \"tatsu-column-bg-image\" ><\/div><\/div><div class=\"tatsu-overlay tatsu-column-overlay tatsu-animate-none\" ><\/div><\/div><style>.tatsu-row > .tatsu-rJiU4FsfR.tatsu-column{width: 100%;}.tatsu-rJiU4FsfR.tatsu-column > .tatsu-column-inner > .tatsu-column-overlay{mix-blend-mode: normal;}.tatsu-rJiU4FsfR > .tatsu-column-inner > .tatsu-top-divider{z-index: 9999;}.tatsu-rJiU4FsfR > .tatsu-column-inner > .tatsu-bottom-divider{z-index: 9999;}.tatsu-rJiU4FsfR > .tatsu-column-inner > .tatsu-left-divider{z-index: 9999;}.tatsu-rJiU4FsfR > .tatsu-column-inner > .tatsu-right-divider{z-index: 9999;}@media only screen and (max-width:1377px) {.tatsu-row > .tatsu-rJiU4FsfR.tatsu-column{width: 100%;}}@media only screen and (min-width:768px) and (max-width: 1024px) {.tatsu-row > .tatsu-rJiU4FsfR.tatsu-column{width: 100%;}}@media only screen and (max-width: 767px) {.tatsu-row > .tatsu-rJiU4FsfR.tatsu-column{width: 100%;}}<\/style><\/div><\/div><\/div><\/div><div class=\"tatsu-section-background-wrap\"><div class = \"tatsu-section-background\" ><\/div><\/div><div class=\"tatsu-overlay tatsu-section-overlay\"><\/div><style>.tatsu-H1-iUVFsGA .tatsu-section-pad{padding: 90px 0px 90px 0px;}.tatsu-H1-iUVFsGA .tatsu-section-offset-wrap{transform: translateY(-0px);}.tatsu-H1-iUVFsGA > .tatsu-bottom-divider{z-index: 9999;}.tatsu-H1-iUVFsGA > .tatsu-top-divider{z-index: 9999;}.tatsu-H1-iUVFsGA .tatsu-section-overlay{mix-blend-mode: normal;}<\/style><\/div>\n","protected":false},"excerpt":{"rendered":"<p><a href=\"https:\/\/www.firstfloorstudios.de\/firstfloorstudiosWP\/verwaltungWP\/13700-2\/\" class=\"more-link style2-button\">Weiterlesen<\/a><\/p>","protected":false},"author":1,"featured_media":0,"parent":0,"menu_order":0,"comment_status":"closed","ping_status":"closed","template":"","meta":{"footnotes":""},"class_list":["post-13700","page","type-page","status-publish","hentry"],"_links":{"self":[{"href":"https:\/\/www.firstfloorstudios.de\/firstfloorstudiosWP\/verwaltungWP\/wp-json\/wp\/v2\/pages\/13700","targetHints":{"allow":["GET"]}}],"collection":[{"href":"https:\/\/www.firstfloorstudios.de\/firstfloorstudiosWP\/verwaltungWP\/wp-json\/wp\/v2\/pages"}],"about":[{"href":"https:\/\/www.firstfloorstudios.de\/firstfloorstudiosWP\/verwaltungWP\/wp-json\/wp\/v2\/types\/page"}],"author":[{"embeddable":true,"href":"https:\/\/www.firstfloorstudios.de\/firstfloorstudiosWP\/verwaltungWP\/wp-json\/wp\/v2\/users\/1"}],"replies":[{"embeddable":true,"href":"https:\/\/www.firstfloorstudios.de\/firstfloorstudiosWP\/verwaltungWP\/wp-json\/wp\/v2\/comments?post=13700"}],"version-history":[{"count":86,"href":"https:\/\/www.firstfloorstudios.de\/firstfloorstudiosWP\/verwaltungWP\/wp-json\/wp\/v2\/pages\/13700\/revisions"}],"predecessor-version":[{"id":16877,"href":"https:\/\/www.firstfloorstudios.de\/firstfloorstudiosWP\/verwaltungWP\/wp-json\/wp\/v2\/pages\/13700\/revisions\/16877"}],"wp:attachment":[{"href":"https:\/\/www.firstfloorstudios.de\/firstfloorstudiosWP\/verwaltungWP\/wp-json\/wp\/v2\/media?parent=13700"}],"curies":[{"name":"wp","href":"https:\/\/api.w.org\/{rel}","templated":true}]}}